{"id":11974,"date":"2020-09-04T12:13:21","date_gmt":"2020-09-04T10:13:21","guid":{"rendered":"https:\/\/jorntrahus.se\/?page_id=11974"},"modified":"2024-02-02T15:33:11","modified_gmt":"2024-02-02T14:33:11","slug":"pressemateriale","status":"publish","type":"page","link":"https:\/\/jorntrahus.se\/nb\/om-oss\/pressmaterial\/","title":{"rendered":"Pressemateriale"},"content":{"rendered":"\t<div id=\"gap-761800006\" class=\"gap-element clearfix\" style=\"display:block; height:auto;\">\n\t\t\n<style>\n#gap-761800006 {\n  padding-top: 60px;\n}\n<\/style>\n\t<\/div>\n\t\n<div class=\"row\"  id=\"row-1148455758\">\n\n\t<div id=\"col-1899536370\" class=\"col medium-8 small-12 large-8\"  >\n\t\t\t\t<div class=\"col-inner\"  >\n\t\t\t\n\t\t\t\n<h1><span style=\"font-size: 130%;\">Pressmaterial<\/span><\/h1>\n<h3 class=\"ingress\">H\u00e4r hittar du som journalist eller kommunikat\u00f6r pressmeddelanden, bilder, kontaktuppgifter och annan matnyttig information om J\u00f6rntr\u00e4hus. Du \u00e4r varmt v\u00e4lkommen att kontakta oss ocks\u00e5 f\u00f6r att st\u00e4lla fr\u00e5gor eller \u00f6nska mer material till artiklar, annonser eller reportage kopplade till oss.<\/h3>\n<p>H\u00e4r nedan hittar du v\u00e5r logotyp i olika format och om du beh\u00f6ver h\u00f6gre uppl\u00f6sning p\u00e5 bilder fr\u00e5n nyheter eller pressmeddelande s\u00e5 kontakta oss g\u00e4rna s\u00e5 \u00e5terkommer vi med tryckbara filer. Logotyper och bilderna \u00e4r fri att publicera i journalistiska sammanhang, kom ih\u00e5g att ange bildbyline J\u00f6rntr\u00e4hus om inte annat anges. Vill du anv\u00e4nda bilderna till andra syften s\u00e5 kontakta oss innan f\u00f6r ett godk\u00e4nnande.<\/p>\n<h2>Husnyheter, aktuellt hos oss och pressmeddelanden<\/h2>\n<p>Under menyn <strong><a href=\"https:\/\/jorntrahus.se\/nyheter\/\">om oss \/ nyheter<\/a><\/strong> s\u00e5 hittar du aktuella publikationer om v\u00e5ra husmodeller eller annat som h\u00e4nder kring v\u00e5rt f\u00f6retag. P\u00e5 denna sida hittar du ocks\u00e5 pressmeddelanden som r\u00f6r b\u00e5de oss och v\u00e5rt moderbolag <a href=\"https:\/\/contractor.se\" target=\"_blank\" rel=\"noopener noreferrer\"><strong>Contractor<\/strong><\/a>. Citera oss g\u00e4rna med k\u00e4llh\u00e4nvisning J\u00f6rntr\u00e4hus.<\/p>\n<p>F\u00f6lja oss g\u00e4rna p\u00e5 <strong><a href=\"https:\/\/facebook.com\/Jorntrahus\" target=\"_blank\" rel=\"noopener noreferrer\">Facebook<\/a><\/strong> eller <strong><a href=\"https:\/\/instagram.com\/Jorntrahus\" target=\"_blank\" rel=\"noopener noreferrer\">Instagram<\/a><\/strong> f\u00f6r senaste nytt fr\u00e5n oss.<\/p>\n\t<div id=\"gap-667778402\" class=\"gap-element clearfix\" style=\"display:block; height:auto;\">\n\t\t\n<style>\n#gap-667778402 {\n  padding-top: 60px;\n}\n<\/style>\n\t<\/div>\n\t\n<div class=\"row\"  id=\"row-1895784669\">\n\n\t<div id=\"col-1446350812\" class=\"col medium-6 small-12 large-6\"  >\n\t\t\t\t<div class=\"col-inner\"  >\n\t\t\t\n\t\t\t\n<a href=\"https:\/\/jorntrahus.se\/wp-content\/uploads\/2020\/09\/Jorntrahus_Grund_CMYK.eps\" target=\"_blank\" class=\"button primary is-outline expand\" rel=\"noopener\" >\n\t\t<span>LOGO M\u00d6RK \u2013 EPS<\/span>\n\t<\/a>\n\n\t\t<\/div>\n\t\t\t\t\t<\/div>\n\n\t\n\n\t<div id=\"col-1263580458\" class=\"col medium-6 small-12 large-6\"  >\n\t\t\t\t<div class=\"col-inner\"  >\n\t\t\t\n\t\t\t\n<a href=\"https:\/\/jorntrahus.se\/wp-content\/uploads\/2020\/09\/Jorntrahus_Vit_CMYK.eps\" target=\"_blank\" class=\"button primary is-outline expand\" rel=\"noopener\" >\n\t\t<span>LOGO VIT \u2013 EPS<\/span>\n\t<\/a>\n\n\t\t<\/div>\n\t\t\t\t\t<\/div>\n\n\t\n<\/div>\n\t<div id=\"gap-1790127064\" class=\"gap-element clearfix\" style=\"display:block; height:auto;\">\n\t\t\n<style>\n#gap-1790127064 {\n  padding-top: 60px;\n}\n<\/style>\n\t<\/div>\n\t\n<h4>PRESSMEDDELANDEN &amp; F\u00d6RETAGSNYTT<\/h4>\n\n  \n    <div class=\"row large-columns-1 medium-columns- small-columns-1 has-shadow row-box-shadow-2\" >\n  <div class=\"col post-item\" >\n\t\t\t<div class=\"col-inner\">\n\t\t\t\t<div class=\"box box-overlay dark box-text-bottom box-blog-post has-hover\">\n            \t\t\t\t\t<div class=\"box-image\" >\n  \t\t\t\t\t\t<div class=\"image-cover\" style=\"padding-top:56%;\">\n\t\t\t\t\t\t\t<a href=\"https:\/\/jorntrahus.se\/nb\/foretagsnytt\/jorntrahus-tar-en-paus-2026\/\" class=\"plain\" aria-label=\"J\u00f6rntr\u00e4hus tar en paus 2026\">\n\t\t\t\t\t\t\t\t<img loading=\"lazy\" decoding=\"async\" width=\"900\" height=\"600\" src=\"https:\/\/jorntrahus.se\/wp-content\/uploads\/2026\/02\/Jorntrahus-Paus-2026-3x2-ver1-900x600.jpg\" class=\"attachment-medium size-medium wp-post-image\" alt=\"J\u00f6rntr\u00e4hus pausar verksamheten under 2026\" srcset=\"https:\/\/jorntrahus.se\/wp-content\/uploads\/2026\/02\/Jorntrahus-Paus-2026-3x2-ver1-900x600.jpg 900w, https:\/\/jorntrahus.se\/wp-content\/uploads\/2026\/02\/Jorntrahus-Paus-2026-3x2-ver1-1600x1067.jpg 1600w, https:\/\/jorntrahus.se\/wp-content\/uploads\/2026\/02\/Jorntrahus-Paus-2026-3x2-ver1-768x512.jpg 768w, https:\/\/jorntrahus.se\/wp-content\/uploads\/2026\/02\/Jorntrahus-Paus-2026-3x2-ver1-1536x1024.jpg 1536w, https:\/\/jorntrahus.se\/wp-content\/uploads\/2026\/02\/Jorntrahus-Paus-2026-3x2-ver1-2048x1365.jpg 2048w, https:\/\/jorntrahus.se\/wp-content\/uploads\/2026\/02\/Jorntrahus-Paus-2026-3x2-ver1-18x12.jpg 18w, https:\/\/jorntrahus.se\/wp-content\/uploads\/2026\/02\/Jorntrahus-Paus-2026-3x2-ver1-600x400.jpg 600w\" sizes=\"auto, (max-width: 900px) 100vw, 900px\" \/>\t\t\t\t\t\t\t<\/a>\n  \t\t\t\t\t\t\t<div class=\"overlay\" style=\"background-color: rgba(0,0,0,.25)\"><\/div>  \t\t\t\t\t\t\t  \t\t\t\t\t\t<\/div>\n  \t\t\t\t\t\t  \t\t\t\t\t<\/div>\n          \t\t\t\t\t<div class=\"box-text text-center is-xlarge\" >\n\t\t\t\t\t<div class=\"box-text-inner blog-post-inner\">\n\n\t\t\t\t\t\n\t\t\t\t\t\t\t\t\t\t\t<p class=\"cat-label tag-label is-xxsmall op-7 uppercase\">\n\t\t\t\t\tF\u00f6retagsnytt Nyhet \t\t\t\t\t<\/p>\n\t\t\t\t\t\t\t\t\t\t<h5 class=\"post-title is-large \">\n\t\t\t\t\t\t<a href=\"https:\/\/jorntrahus.se\/nb\/foretagsnytt\/jorntrahus-tar-en-paus-2026\/\" class=\"plain\">J\u00f6rntr\u00e4hus tar en paus 2026<\/a>\n\t\t\t\t\t<\/h5>\n\t\t\t\t\t\t\t\t\t\t<div class=\"is-divider\"><\/div>\n\t\t\t\t\t                    \n\t\t\t\t\t\t\t\t\t\t\t<a href=\"https:\/\/jorntrahus.se\/nb\/foretagsnytt\/jorntrahus-tar-en-paus-2026\/\" class=\"button  is-outline is-xxsmall mb-0\">\n\t\t\t\t\t\t\tL\u00c4S MER\t\t\t\t\t\t<\/a>\n\t\t\t\t\t\n\t\t\t\t\t\n\t\t\t\t\t<\/div>\n\t\t\t\t\t<\/div>\n\t\t\t\t\t\t\t\t\t\t\t\t\t\t\t\t<div class=\"badge absolute top post-date badge-square\">\n\t\t\t\t\t\t\t<div class=\"badge-inner\">\n\t\t\t\t\t\t\t\t<span class=\"post-date-day\">03<\/span><br>\n\t\t\t\t\t\t\t\t<span class=\"post-date-month is-xsmall\">feb<\/span>\n\t\t\t\t\t\t\t<\/div>\n\t\t\t\t\t\t<\/div>\n\t\t\t\t\t\t\t\t\t<\/div>\n\t\t\t<\/div>\n\t\t<\/div><div class=\"col post-item\" >\n\t\t\t<div class=\"col-inner\">\n\t\t\t\t<div class=\"box box-overlay dark box-text-bottom box-blog-post has-hover\">\n            \t\t\t\t\t<div class=\"box-image\" >\n  \t\t\t\t\t\t<div class=\"image-cover\" style=\"padding-top:56%;\">\n\t\t\t\t\t\t\t<a href=\"https:\/\/jorntrahus.se\/nb\/foretagsnytt\/hus-ska-byggas-med-passion-fran-jorn\/\" class=\"plain\" aria-label=\"Hus ska byggas med passion fr\u00e5n J\u00f6rn\">\n\t\t\t\t\t\t\t\t<img loading=\"lazy\" decoding=\"async\" width=\"600\" height=\"352\" src=\"https:\/\/jorntrahus.se\/wp-content\/uploads\/2020\/11\/Fritidshus-Med-passion-fran-Jorn-husbyggsatser-villa-hus-byggare-konstruktorer-2-600x352.jpg\" class=\"attachment-medium size-medium wp-post-image\" alt=\"Fritidshus Med passion fran Jorn husbyggsatser villa hus byggare konstruktorer 2\" srcset=\"https:\/\/jorntrahus.se\/wp-content\/uploads\/2020\/11\/Fritidshus-Med-passion-fran-Jorn-husbyggsatser-villa-hus-byggare-konstruktorer-2-600x352.jpg 600w, https:\/\/jorntrahus.se\/wp-content\/uploads\/2020\/11\/Fritidshus-Med-passion-fran-Jorn-husbyggsatser-villa-hus-byggare-konstruktorer-2-900x527.jpg 900w, https:\/\/jorntrahus.se\/wp-content\/uploads\/2020\/11\/Fritidshus-Med-passion-fran-Jorn-husbyggsatser-villa-hus-byggare-konstruktorer-2-1200x703.jpg 1200w, https:\/\/jorntrahus.se\/wp-content\/uploads\/2020\/11\/Fritidshus-Med-passion-fran-Jorn-husbyggsatser-villa-hus-byggare-konstruktorer-2-768x450.jpg 768w, https:\/\/jorntrahus.se\/wp-content\/uploads\/2020\/11\/Fritidshus-Med-passion-fran-Jorn-husbyggsatser-villa-hus-byggare-konstruktorer-2-1536x900.jpg 1536w, https:\/\/jorntrahus.se\/wp-content\/uploads\/2020\/11\/Fritidshus-Med-passion-fran-Jorn-husbyggsatser-villa-hus-byggare-konstruktorer-2.jpg 2048w\" sizes=\"auto, (max-width: 600px) 100vw, 600px\" \/>\t\t\t\t\t\t\t<\/a>\n  \t\t\t\t\t\t\t<div class=\"overlay\" style=\"background-color: rgba(0,0,0,.25)\"><\/div>  \t\t\t\t\t\t\t  \t\t\t\t\t\t<\/div>\n  \t\t\t\t\t\t  \t\t\t\t\t<\/div>\n          \t\t\t\t\t<div class=\"box-text text-center is-xlarge\" >\n\t\t\t\t\t<div class=\"box-text-inner blog-post-inner\">\n\n\t\t\t\t\t\n\t\t\t\t\t\t\t\t\t\t\t<p class=\"cat-label tag-label is-xxsmall op-7 uppercase\">\n\t\t\t\t\tF\u00f6retagsnytt Nyhet \t\t\t\t\t<\/p>\n\t\t\t\t\t\t\t\t\t\t<h5 class=\"post-title is-large \">\n\t\t\t\t\t\t<a href=\"https:\/\/jorntrahus.se\/nb\/foretagsnytt\/hus-ska-byggas-med-passion-fran-jorn\/\" class=\"plain\">Hus ska byggas med passion fr\u00e5n J\u00f6rn<\/a>\n\t\t\t\t\t<\/h5>\n\t\t\t\t\t\t\t\t\t\t<div class=\"is-divider\"><\/div>\n\t\t\t\t\t                    \n\t\t\t\t\t\t\t\t\t\t\t<a href=\"https:\/\/jorntrahus.se\/nb\/foretagsnytt\/hus-ska-byggas-med-passion-fran-jorn\/\" class=\"button  is-outline is-xxsmall mb-0\">\n\t\t\t\t\t\t\tL\u00c4S MER\t\t\t\t\t\t<\/a>\n\t\t\t\t\t\n\t\t\t\t\t\n\t\t\t\t\t<\/div>\n\t\t\t\t\t<\/div>\n\t\t\t\t\t\t\t\t\t\t\t\t\t\t\t\t<div class=\"badge absolute top post-date badge-square\">\n\t\t\t\t\t\t\t<div class=\"badge-inner\">\n\t\t\t\t\t\t\t\t<span class=\"post-date-day\">15<\/span><br>\n\t\t\t\t\t\t\t\t<span class=\"post-date-month is-xsmall\">jun<\/span>\n\t\t\t\t\t\t\t<\/div>\n\t\t\t\t\t\t<\/div>\n\t\t\t\t\t\t\t\t\t<\/div>\n\t\t\t<\/div>\n\t\t<\/div><div class=\"col post-item\" >\n\t\t\t<div class=\"col-inner\">\n\t\t\t\t<div class=\"box box-overlay dark box-text-bottom box-blog-post has-hover\">\n            \t\t\t\t\t<div class=\"box-image\" >\n  \t\t\t\t\t\t<div class=\"image-cover\" style=\"padding-top:56%;\">\n\t\t\t\t\t\t\t<a href=\"https:\/\/jorntrahus.se\/nb\/foretagsnytt\/vi-starker-upp-pa-saljsidan-valkommen-tillbaks-gunnar\/\" class=\"plain\" aria-label=\"Vi st\u00e4rker upp p\u00e5 s\u00e4ljsidan \u2013 v\u00e4lkommen tillbaks Gunnar\">\n\t\t\t\t\t\t\t\t<img loading=\"lazy\" decoding=\"async\" width=\"900\" height=\"600\" src=\"https:\/\/jorntrahus.se\/wp-content\/uploads\/2025\/01\/Jorntrahus-Personal-Gunnar-Olund-saljare-fritidshus-trahus-husbyggsatser-3x2-1-900x600.jpg\" class=\"attachment-medium size-medium wp-post-image\" alt=\"Jorntrahus Personal Gunnar Olund saljare fritidshus trahus husbyggsatser 3x2\" srcset=\"https:\/\/jorntrahus.se\/wp-content\/uploads\/2025\/01\/Jorntrahus-Personal-Gunnar-Olund-saljare-fritidshus-trahus-husbyggsatser-3x2-1-900x600.jpg 900w, https:\/\/jorntrahus.se\/wp-content\/uploads\/2025\/01\/Jorntrahus-Personal-Gunnar-Olund-saljare-fritidshus-trahus-husbyggsatser-3x2-1-768x512.jpg 768w, https:\/\/jorntrahus.se\/wp-content\/uploads\/2025\/01\/Jorntrahus-Personal-Gunnar-Olund-saljare-fritidshus-trahus-husbyggsatser-3x2-1-600x400.jpg 600w, https:\/\/jorntrahus.se\/wp-content\/uploads\/2025\/01\/Jorntrahus-Personal-Gunnar-Olund-saljare-fritidshus-trahus-husbyggsatser-3x2-1.jpg 1500w\" sizes=\"auto, (max-width: 900px) 100vw, 900px\" \/>\t\t\t\t\t\t\t<\/a>\n  \t\t\t\t\t\t\t<div class=\"overlay\" style=\"background-color: rgba(0,0,0,.25)\"><\/div>  \t\t\t\t\t\t\t  \t\t\t\t\t\t<\/div>\n  \t\t\t\t\t\t  \t\t\t\t\t<\/div>\n          \t\t\t\t\t<div class=\"box-text text-center is-xlarge\" >\n\t\t\t\t\t<div class=\"box-text-inner blog-post-inner\">\n\n\t\t\t\t\t\n\t\t\t\t\t\t\t\t\t\t\t<p class=\"cat-label tag-label is-xxsmall op-7 uppercase\">\n\t\t\t\t\tF\u00f6retagsnytt Nyhet \t\t\t\t\t<\/p>\n\t\t\t\t\t\t\t\t\t\t<h5 class=\"post-title is-large \">\n\t\t\t\t\t\t<a href=\"https:\/\/jorntrahus.se\/nb\/foretagsnytt\/vi-starker-upp-pa-saljsidan-valkommen-tillbaks-gunnar\/\" class=\"plain\">Vi st\u00e4rker upp p\u00e5 s\u00e4ljsidan \u2013 v\u00e4lkommen tillbaks Gunnar<\/a>\n\t\t\t\t\t<\/h5>\n\t\t\t\t\t\t\t\t\t\t<div class=\"is-divider\"><\/div>\n\t\t\t\t\t                    \n\t\t\t\t\t\t\t\t\t\t\t<a href=\"https:\/\/jorntrahus.se\/nb\/foretagsnytt\/vi-starker-upp-pa-saljsidan-valkommen-tillbaks-gunnar\/\" class=\"button  is-outline is-xxsmall mb-0\">\n\t\t\t\t\t\t\tL\u00c4S MER\t\t\t\t\t\t<\/a>\n\t\t\t\t\t\n\t\t\t\t\t\n\t\t\t\t\t<\/div>\n\t\t\t\t\t<\/div>\n\t\t\t\t\t\t\t\t\t\t\t\t\t\t\t\t<div class=\"badge absolute top post-date badge-square\">\n\t\t\t\t\t\t\t<div class=\"badge-inner\">\n\t\t\t\t\t\t\t\t<span class=\"post-date-day\">14<\/span><br>\n\t\t\t\t\t\t\t\t<span class=\"post-date-month is-xsmall\">jan<\/span>\n\t\t\t\t\t\t\t<\/div>\n\t\t\t\t\t\t<\/div>\n\t\t\t\t\t\t\t\t\t<\/div>\n\t\t\t<\/div>\n\t\t<\/div><div class=\"col post-item\" >\n\t\t\t<div class=\"col-inner\">\n\t\t\t\t<div class=\"box box-overlay dark box-text-bottom box-blog-post has-hover\">\n            \t\t\t\t\t<div class=\"box-image\" >\n  \t\t\t\t\t\t<div class=\"image-cover\" style=\"padding-top:56%;\">\n\t\t\t\t\t\t\t<a href=\"https:\/\/jorntrahus.se\/nb\/foretagsnytt\/varmt-valkommen-benjamin-var-nya-produktionschef\/\" class=\"plain\" aria-label=\"Varmt v\u00e4lkommen Benjamin \u2013 v\u00e5r nya produktionschef\">\n\t\t\t\t\t\t\t\t<img loading=\"lazy\" decoding=\"async\" width=\"900\" height=\"600\" src=\"https:\/\/jorntrahus.se\/wp-content\/uploads\/2024\/11\/Jorntrahus-Personal-Benjamin-Leu-produktionschef-med-bakgrund-och-logo-900x600.jpg\" class=\"attachment-medium size-medium wp-post-image\" alt=\"Jorntrahus Personal Benjamin Leu produktionschef med bakgrund och logo\" srcset=\"https:\/\/jorntrahus.se\/wp-content\/uploads\/2024\/11\/Jorntrahus-Personal-Benjamin-Leu-produktionschef-med-bakgrund-och-logo-900x600.jpg 900w, https:\/\/jorntrahus.se\/wp-content\/uploads\/2024\/11\/Jorntrahus-Personal-Benjamin-Leu-produktionschef-med-bakgrund-och-logo-1600x1067.jpg 1600w, https:\/\/jorntrahus.se\/wp-content\/uploads\/2024\/11\/Jorntrahus-Personal-Benjamin-Leu-produktionschef-med-bakgrund-och-logo-768x512.jpg 768w, https:\/\/jorntrahus.se\/wp-content\/uploads\/2024\/11\/Jorntrahus-Personal-Benjamin-Leu-produktionschef-med-bakgrund-och-logo-1536x1024.jpg 1536w, https:\/\/jorntrahus.se\/wp-content\/uploads\/2024\/11\/Jorntrahus-Personal-Benjamin-Leu-produktionschef-med-bakgrund-och-logo-2048x1365.jpg 2048w, https:\/\/jorntrahus.se\/wp-content\/uploads\/2024\/11\/Jorntrahus-Personal-Benjamin-Leu-produktionschef-med-bakgrund-och-logo-600x400.jpg 600w\" sizes=\"auto, (max-width: 900px) 100vw, 900px\" \/>\t\t\t\t\t\t\t<\/a>\n  \t\t\t\t\t\t\t<div class=\"overlay\" style=\"background-color: rgba(0,0,0,.25)\"><\/div>  \t\t\t\t\t\t\t  \t\t\t\t\t\t<\/div>\n  \t\t\t\t\t\t  \t\t\t\t\t<\/div>\n          \t\t\t\t\t<div class=\"box-text text-center is-xlarge\" >\n\t\t\t\t\t<div class=\"box-text-inner blog-post-inner\">\n\n\t\t\t\t\t\n\t\t\t\t\t\t\t\t\t\t\t<p class=\"cat-label tag-label is-xxsmall op-7 uppercase\">\n\t\t\t\t\tF\u00f6retagsnytt Nyhet \t\t\t\t\t<\/p>\n\t\t\t\t\t\t\t\t\t\t<h5 class=\"post-title is-large \">\n\t\t\t\t\t\t<a href=\"https:\/\/jorntrahus.se\/nb\/foretagsnytt\/varmt-valkommen-benjamin-var-nya-produktionschef\/\" class=\"plain\">Varmt v\u00e4lkommen Benjamin \u2013 v\u00e5r nya produktionschef<\/a>\n\t\t\t\t\t<\/h5>\n\t\t\t\t\t\t\t\t\t\t<div class=\"is-divider\"><\/div>\n\t\t\t\t\t                    \n\t\t\t\t\t\t\t\t\t\t\t<a href=\"https:\/\/jorntrahus.se\/nb\/foretagsnytt\/varmt-valkommen-benjamin-var-nya-produktionschef\/\" class=\"button  is-outline is-xxsmall mb-0\">\n\t\t\t\t\t\t\tL\u00c4S MER\t\t\t\t\t\t<\/a>\n\t\t\t\t\t\n\t\t\t\t\t\n\t\t\t\t\t<\/div>\n\t\t\t\t\t<\/div>\n\t\t\t\t\t\t\t\t\t\t\t\t\t\t\t\t<div class=\"badge absolute top post-date badge-square\">\n\t\t\t\t\t\t\t<div class=\"badge-inner\">\n\t\t\t\t\t\t\t\t<span class=\"post-date-day\">18<\/span><br>\n\t\t\t\t\t\t\t\t<span class=\"post-date-month is-xsmall\">nov<\/span>\n\t\t\t\t\t\t\t<\/div>\n\t\t\t\t\t\t<\/div>\n\t\t\t\t\t\t\t\t\t<\/div>\n\t\t\t<\/div>\n\t\t<\/div><div class=\"col post-item\" >\n\t\t\t<div class=\"col-inner\">\n\t\t\t\t<div class=\"box box-overlay dark box-text-bottom box-blog-post has-hover\">\n            \t\t\t\t\t<div class=\"box-image\" >\n  \t\t\t\t\t\t<div class=\"image-cover\" style=\"padding-top:56%;\">\n\t\t\t\t\t\t\t<a href=\"https:\/\/jorntrahus.se\/nb\/foretagsnytt\/vi-soker-produktionschef\/\" class=\"plain\" aria-label=\"Vi s\u00f6ker produktionschef [TILLSATT]\">\n\t\t\t\t\t\t\t\t<img loading=\"lazy\" decoding=\"async\" width=\"900\" height=\"600\" src=\"https:\/\/jorntrahus.se\/wp-content\/uploads\/2024\/09\/Jorntrahus-Jobbannons-foto-Passion-for-tra-1-900x600.jpg\" class=\"attachment-medium size-medium wp-post-image\" alt=\"Jo\u0308rntra\u0308hus Jobbannons foto Passion fo\u0308r tra\u0308 1\" srcset=\"https:\/\/jorntrahus.se\/wp-content\/uploads\/2024\/09\/Jorntrahus-Jobbannons-foto-Passion-for-tra-1-900x600.jpg 900w, https:\/\/jorntrahus.se\/wp-content\/uploads\/2024\/09\/Jorntrahus-Jobbannons-foto-Passion-for-tra-1-1600x1066.jpg 1600w, https:\/\/jorntrahus.se\/wp-content\/uploads\/2024\/09\/Jorntrahus-Jobbannons-foto-Passion-for-tra-1-768x512.jpg 768w, https:\/\/jorntrahus.se\/wp-content\/uploads\/2024\/09\/Jorntrahus-Jobbannons-foto-Passion-for-tra-1-1536x1023.jpg 1536w, https:\/\/jorntrahus.se\/wp-content\/uploads\/2024\/09\/Jorntrahus-Jobbannons-foto-Passion-for-tra-1-600x400.jpg 600w, https:\/\/jorntrahus.se\/wp-content\/uploads\/2024\/09\/Jorntrahus-Jobbannons-foto-Passion-for-tra-1.jpg 1660w\" sizes=\"auto, (max-width: 900px) 100vw, 900px\" \/>\t\t\t\t\t\t\t<\/a>\n  \t\t\t\t\t\t\t<div class=\"overlay\" style=\"background-color: rgba(0,0,0,.25)\"><\/div>  \t\t\t\t\t\t\t  \t\t\t\t\t\t<\/div>\n  \t\t\t\t\t\t  \t\t\t\t\t<\/div>\n          \t\t\t\t\t<div class=\"box-text text-center is-xlarge\" >\n\t\t\t\t\t<div class=\"box-text-inner blog-post-inner\">\n\n\t\t\t\t\t\n\t\t\t\t\t\t\t\t\t\t\t<p class=\"cat-label tag-label is-xxsmall op-7 uppercase\">\n\t\t\t\t\tF\u00f6retagsnytt \t\t\t\t\t<\/p>\n\t\t\t\t\t\t\t\t\t\t<h5 class=\"post-title is-large \">\n\t\t\t\t\t\t<a href=\"https:\/\/jorntrahus.se\/nb\/foretagsnytt\/vi-soker-produktionschef\/\" class=\"plain\">Vi s\u00f6ker produktionschef [TILLSATT]<\/a>\n\t\t\t\t\t<\/h5>\n\t\t\t\t\t\t\t\t\t\t<div class=\"is-divider\"><\/div>\n\t\t\t\t\t                    \n\t\t\t\t\t\t\t\t\t\t\t<a href=\"https:\/\/jorntrahus.se\/nb\/foretagsnytt\/vi-soker-produktionschef\/\" class=\"button  is-outline is-xxsmall mb-0\">\n\t\t\t\t\t\t\tL\u00c4S MER\t\t\t\t\t\t<\/a>\n\t\t\t\t\t\n\t\t\t\t\t\n\t\t\t\t\t<\/div>\n\t\t\t\t\t<\/div>\n\t\t\t\t\t\t\t\t\t\t\t\t\t\t\t\t<div class=\"badge absolute top post-date badge-square\">\n\t\t\t\t\t\t\t<div class=\"badge-inner\">\n\t\t\t\t\t\t\t\t<span class=\"post-date-day\">16<\/span><br>\n\t\t\t\t\t\t\t\t<span class=\"post-date-month is-xsmall\">sep<\/span>\n\t\t\t\t\t\t\t<\/div>\n\t\t\t\t\t\t<\/div>\n\t\t\t\t\t\t\t\t\t<\/div>\n\t\t\t<\/div>\n\t\t<\/div><div class=\"col post-item\" >\n\t\t\t<div class=\"col-inner\">\n\t\t\t\t<div class=\"box box-overlay dark box-text-bottom box-blog-post has-hover\">\n            \t\t\t\t\t<div class=\"box-image\" >\n  \t\t\t\t\t\t<div class=\"image-cover\" style=\"padding-top:56%;\">\n\t\t\t\t\t\t\t<a href=\"https:\/\/jorntrahus.se\/nb\/foretagsnytt\/peter-ny-vd-pa-jorntrahus\/\" class=\"plain\" aria-label=\"Peter \u2013 ny vd p\u00e5 J\u00f6rntr\u00e4hus\">\n\t\t\t\t\t\t\t\t<img loading=\"lazy\" decoding=\"async\" width=\"900\" height=\"600\" src=\"https:\/\/jorntrahus.se\/wp-content\/uploads\/2024\/09\/Jorntrahus-VD-Peter-Gyllenberg-Fritidshus-Modulhus-Husbyggsatser-med-bakgrund-logo-webb-900x600.jpg\" class=\"attachment-medium size-medium wp-post-image\" alt=\"Jo\u0308rntra\u0308hus VD Peter Gyllenberg Fritidshus Modulhus Husbyggsatser med bakgrund logo webb\" srcset=\"https:\/\/jorntrahus.se\/wp-content\/uploads\/2024\/09\/Jorntrahus-VD-Peter-Gyllenberg-Fritidshus-Modulhus-Husbyggsatser-med-bakgrund-logo-webb-900x600.jpg 900w, https:\/\/jorntrahus.se\/wp-content\/uploads\/2024\/09\/Jorntrahus-VD-Peter-Gyllenberg-Fritidshus-Modulhus-Husbyggsatser-med-bakgrund-logo-webb-1600x1067.jpg 1600w, https:\/\/jorntrahus.se\/wp-content\/uploads\/2024\/09\/Jorntrahus-VD-Peter-Gyllenberg-Fritidshus-Modulhus-Husbyggsatser-med-bakgrund-logo-webb-768x512.jpg 768w, https:\/\/jorntrahus.se\/wp-content\/uploads\/2024\/09\/Jorntrahus-VD-Peter-Gyllenberg-Fritidshus-Modulhus-Husbyggsatser-med-bakgrund-logo-webb-1536x1024.jpg 1536w, https:\/\/jorntrahus.se\/wp-content\/uploads\/2024\/09\/Jorntrahus-VD-Peter-Gyllenberg-Fritidshus-Modulhus-Husbyggsatser-med-bakgrund-logo-webb-2048x1365.jpg 2048w, https:\/\/jorntrahus.se\/wp-content\/uploads\/2024\/09\/Jorntrahus-VD-Peter-Gyllenberg-Fritidshus-Modulhus-Husbyggsatser-med-bakgrund-logo-webb-600x400.jpg 600w\" sizes=\"auto, (max-width: 900px) 100vw, 900px\" \/>\t\t\t\t\t\t\t<\/a>\n  \t\t\t\t\t\t\t<div class=\"overlay\" style=\"background-color: rgba(0,0,0,.25)\"><\/div>  \t\t\t\t\t\t\t  \t\t\t\t\t\t<\/div>\n  \t\t\t\t\t\t  \t\t\t\t\t<\/div>\n          \t\t\t\t\t<div class=\"box-text text-center is-xlarge\" >\n\t\t\t\t\t<div class=\"box-text-inner blog-post-inner\">\n\n\t\t\t\t\t\n\t\t\t\t\t\t\t\t\t\t\t<p class=\"cat-label tag-label is-xxsmall op-7 uppercase\">\n\t\t\t\t\tF\u00f6retagsnytt Nyhet \t\t\t\t\t<\/p>\n\t\t\t\t\t\t\t\t\t\t<h5 class=\"post-title is-large \">\n\t\t\t\t\t\t<a href=\"https:\/\/jorntrahus.se\/nb\/foretagsnytt\/peter-ny-vd-pa-jorntrahus\/\" class=\"plain\">Peter \u2013 ny vd p\u00e5 J\u00f6rntr\u00e4hus<\/a>\n\t\t\t\t\t<\/h5>\n\t\t\t\t\t\t\t\t\t\t<div class=\"is-divider\"><\/div>\n\t\t\t\t\t                    \n\t\t\t\t\t\t\t\t\t\t\t<a href=\"https:\/\/jorntrahus.se\/nb\/foretagsnytt\/peter-ny-vd-pa-jorntrahus\/\" class=\"button  is-outline is-xxsmall mb-0\">\n\t\t\t\t\t\t\tL\u00c4S MER\t\t\t\t\t\t<\/a>\n\t\t\t\t\t\n\t\t\t\t\t\n\t\t\t\t\t<\/div>\n\t\t\t\t\t<\/div>\n\t\t\t\t\t\t\t\t\t\t\t\t\t\t\t\t<div class=\"badge absolute top post-date badge-square\">\n\t\t\t\t\t\t\t<div class=\"badge-inner\">\n\t\t\t\t\t\t\t\t<span class=\"post-date-day\">12<\/span><br>\n\t\t\t\t\t\t\t\t<span class=\"post-date-month is-xsmall\">feb<\/span>\n\t\t\t\t\t\t\t<\/div>\n\t\t\t\t\t\t<\/div>\n\t\t\t\t\t\t\t\t\t<\/div>\n\t\t\t<\/div>\n\t\t<\/div><div class=\"col post-item\" >\n\t\t\t<div class=\"col-inner\">\n\t\t\t\t<div class=\"box box-overlay dark box-text-bottom box-blog-post has-hover\">\n            \t\t\t\t\t<div class=\"box-image\" >\n  \t\t\t\t\t\t<div class=\"image-cover\" style=\"padding-top:56%;\">\n\t\t\t\t\t\t\t<a href=\"https:\/\/jorntrahus.se\/nb\/nyhet\/inte-bara-tomten-ar-vaken-aven-full-fart-i-husfabriken\/\" class=\"plain\" aria-label=\"Inte bara Tomten \u00e4r vaken \u2013 \u00e4ven full fart i husfabriken\">\n\t\t\t\t\t\t\t\t<img loading=\"lazy\" decoding=\"async\" width=\"900\" height=\"600\" src=\"https:\/\/jorntrahus.se\/wp-content\/uploads\/2023\/12\/Populara-hus-villor-fritidshus-husbyggsatser-byggelement-byggs-i-Jorntrahus-husfabriken-Rapport-fran-2023-webb-1-900x600.jpg\" class=\"attachment-medium size-medium wp-post-image\" alt=\"Popul\u00e4ra hus villor fritidshus husbyggsatser byggelement byggs i J\u00f6rntr\u00e4hus husfabriken Rapport fr\u00e5n 2023 webb 1\" srcset=\"https:\/\/jorntrahus.se\/wp-content\/uploads\/2023\/12\/Populara-hus-villor-fritidshus-husbyggsatser-byggelement-byggs-i-Jorntrahus-husfabriken-Rapport-fran-2023-webb-1-900x600.jpg 900w, https:\/\/jorntrahus.se\/wp-content\/uploads\/2023\/12\/Populara-hus-villor-fritidshus-husbyggsatser-byggelement-byggs-i-Jorntrahus-husfabriken-Rapport-fran-2023-webb-1-1600x1067.jpg 1600w, https:\/\/jorntrahus.se\/wp-content\/uploads\/2023\/12\/Populara-hus-villor-fritidshus-husbyggsatser-byggelement-byggs-i-Jorntrahus-husfabriken-Rapport-fran-2023-webb-1-768x512.jpg 768w, https:\/\/jorntrahus.se\/wp-content\/uploads\/2023\/12\/Populara-hus-villor-fritidshus-husbyggsatser-byggelement-byggs-i-Jorntrahus-husfabriken-Rapport-fran-2023-webb-1-1536x1024.jpg 1536w, https:\/\/jorntrahus.se\/wp-content\/uploads\/2023\/12\/Populara-hus-villor-fritidshus-husbyggsatser-byggelement-byggs-i-Jorntrahus-husfabriken-Rapport-fran-2023-webb-1-2048x1365.jpg 2048w, https:\/\/jorntrahus.se\/wp-content\/uploads\/2023\/12\/Populara-hus-villor-fritidshus-husbyggsatser-byggelement-byggs-i-Jorntrahus-husfabriken-Rapport-fran-2023-webb-1-600x400.jpg 600w\" sizes=\"auto, (max-width: 900px) 100vw, 900px\" \/>\t\t\t\t\t\t\t<\/a>\n  \t\t\t\t\t\t\t<div class=\"overlay\" style=\"background-color: rgba(0,0,0,.25)\"><\/div>  \t\t\t\t\t\t\t  \t\t\t\t\t\t<\/div>\n  \t\t\t\t\t\t  \t\t\t\t\t<\/div>\n          \t\t\t\t\t<div class=\"box-text text-center is-xlarge\" >\n\t\t\t\t\t<div class=\"box-text-inner blog-post-inner\">\n\n\t\t\t\t\t\n\t\t\t\t\t\t\t\t\t\t\t<p class=\"cat-label tag-label is-xxsmall op-7 uppercase\">\n\t\t\t\t\tF\u00f6retagsnytt Nyhet \t\t\t\t\t<\/p>\n\t\t\t\t\t\t\t\t\t\t<h5 class=\"post-title is-large \">\n\t\t\t\t\t\t<a href=\"https:\/\/jorntrahus.se\/nb\/nyhet\/inte-bara-tomten-ar-vaken-aven-full-fart-i-husfabriken\/\" class=\"plain\">Inte bara Tomten \u00e4r vaken \u2013 \u00e4ven full fart i husfabriken<\/a>\n\t\t\t\t\t<\/h5>\n\t\t\t\t\t\t\t\t\t\t<div class=\"is-divider\"><\/div>\n\t\t\t\t\t                    \n\t\t\t\t\t\t\t\t\t\t\t<a href=\"https:\/\/jorntrahus.se\/nb\/nyhet\/inte-bara-tomten-ar-vaken-aven-full-fart-i-husfabriken\/\" class=\"button  is-outline is-xxsmall mb-0\">\n\t\t\t\t\t\t\tL\u00c4S MER\t\t\t\t\t\t<\/a>\n\t\t\t\t\t\n\t\t\t\t\t\n\t\t\t\t\t<\/div>\n\t\t\t\t\t<\/div>\n\t\t\t\t\t\t\t\t\t\t\t\t\t\t\t\t<div class=\"badge absolute top post-date badge-square\">\n\t\t\t\t\t\t\t<div class=\"badge-inner\">\n\t\t\t\t\t\t\t\t<span class=\"post-date-day\">22<\/span><br>\n\t\t\t\t\t\t\t\t<span class=\"post-date-month is-xsmall\">des<\/span>\n\t\t\t\t\t\t\t<\/div>\n\t\t\t\t\t\t<\/div>\n\t\t\t\t\t\t\t\t\t<\/div>\n\t\t\t<\/div>\n\t\t<\/div><div class=\"col post-item\" >\n\t\t\t<div class=\"col-inner\">\n\t\t\t\t<div class=\"box box-overlay dark box-text-bottom box-blog-post has-hover\">\n            \t\t\t\t\t<div class=\"box-image\" >\n  \t\t\t\t\t\t<div class=\"image-cover\" style=\"padding-top:56%;\">\n\t\t\t\t\t\t\t<a href=\"https:\/\/jorntrahus.se\/nb\/foretagsnytt\/populara-fritidshus-villor-byggs-i-nytt-produktionsflode\/\" class=\"plain\" aria-label=\"Popul\u00e4ra fritidshus &#038; villor byggs i nytt produktionsfl\u00f6de\">\n\t\t\t\t\t\t\t\t<img loading=\"lazy\" decoding=\"async\" width=\"900\" height=\"540\" src=\"https:\/\/jorntrahus.se\/wp-content\/uploads\/2022\/10\/Populara-hus-villor-fritidshus-husbyggsatser-byggelement-byggs-i-husfabrikens-nya-produktionsflode-Jorntrahus-1-900x540.jpg\" class=\"attachment-medium size-medium wp-post-image\" alt=\"Populara hus villor fritidshus husbyggsatser byggelement byggs i husfabrikens nya produktionsflode Jorntrahus 1\" srcset=\"https:\/\/jorntrahus.se\/wp-content\/uploads\/2022\/10\/Populara-hus-villor-fritidshus-husbyggsatser-byggelement-byggs-i-husfabrikens-nya-produktionsflode-Jorntrahus-1-900x540.jpg 900w, https:\/\/jorntrahus.se\/wp-content\/uploads\/2022\/10\/Populara-hus-villor-fritidshus-husbyggsatser-byggelement-byggs-i-husfabrikens-nya-produktionsflode-Jorntrahus-1-768x461.jpg 768w, https:\/\/jorntrahus.se\/wp-content\/uploads\/2022\/10\/Populara-hus-villor-fritidshus-husbyggsatser-byggelement-byggs-i-husfabrikens-nya-produktionsflode-Jorntrahus-1.jpg 1200w\" sizes=\"auto, (max-width: 900px) 100vw, 900px\" \/>\t\t\t\t\t\t\t<\/a>\n  \t\t\t\t\t\t\t<div class=\"overlay\" style=\"background-color: rgba(0,0,0,.25)\"><\/div>  \t\t\t\t\t\t\t  \t\t\t\t\t\t<\/div>\n  \t\t\t\t\t\t  \t\t\t\t\t<\/div>\n          \t\t\t\t\t<div class=\"box-text text-center is-xlarge\" >\n\t\t\t\t\t<div class=\"box-text-inner blog-post-inner\">\n\n\t\t\t\t\t\n\t\t\t\t\t\t\t\t\t\t\t<p class=\"cat-label tag-label is-xxsmall op-7 uppercase\">\n\t\t\t\t\tF\u00f6retagsnytt Nyhet \t\t\t\t\t<\/p>\n\t\t\t\t\t\t\t\t\t\t<h5 class=\"post-title is-large \">\n\t\t\t\t\t\t<a href=\"https:\/\/jorntrahus.se\/nb\/foretagsnytt\/populara-fritidshus-villor-byggs-i-nytt-produktionsflode\/\" class=\"plain\">Popul\u00e4ra fritidshus &#038; villor byggs i nytt produktionsfl\u00f6de<\/a>\n\t\t\t\t\t<\/h5>\n\t\t\t\t\t\t\t\t\t\t<div class=\"is-divider\"><\/div>\n\t\t\t\t\t                    \n\t\t\t\t\t\t\t\t\t\t\t<a href=\"https:\/\/jorntrahus.se\/nb\/foretagsnytt\/populara-fritidshus-villor-byggs-i-nytt-produktionsflode\/\" class=\"button  is-outline is-xxsmall mb-0\">\n\t\t\t\t\t\t\tL\u00c4S MER\t\t\t\t\t\t<\/a>\n\t\t\t\t\t\n\t\t\t\t\t\n\t\t\t\t\t<\/div>\n\t\t\t\t\t<\/div>\n\t\t\t\t\t\t\t\t\t\t\t\t\t\t\t\t<div class=\"badge absolute top post-date badge-square\">\n\t\t\t\t\t\t\t<div class=\"badge-inner\">\n\t\t\t\t\t\t\t\t<span class=\"post-date-day\">18<\/span><br>\n\t\t\t\t\t\t\t\t<span class=\"post-date-month is-xsmall\">okt<\/span>\n\t\t\t\t\t\t\t<\/div>\n\t\t\t\t\t\t<\/div>\n\t\t\t\t\t\t\t\t\t<\/div>\n\t\t\t<\/div>\n\t\t<\/div><div class=\"col post-item\" >\n\t\t\t<div class=\"col-inner\">\n\t\t\t\t<div class=\"box box-overlay dark box-text-bottom box-blog-post has-hover\">\n            \t\t\t\t\t<div class=\"box-image\" >\n  \t\t\t\t\t\t<div class=\"image-cover\" style=\"padding-top:56%;\">\n\t\t\t\t\t\t\t<a href=\"https:\/\/jorntrahus.se\/nb\/foretagsnytt\/valkommen-eva-var-nya-ekonomichef\/\" class=\"plain\" aria-label=\"V\u00e4lkommen Eva \u2013 v\u00e5r nya ekonomichef\">\n\t\t\t\t\t\t\t\t<img loading=\"lazy\" decoding=\"async\" width=\"600\" height=\"300\" src=\"https:\/\/jorntrahus.se\/wp-content\/uploads\/2022\/06\/Eva-Gustafsson-Jorntrahus-Ekonomichef-600x300.jpg\" class=\"attachment-medium size-medium wp-post-image\" alt=\"Eva Gustafsson Jorntrahus Ekonomichef\" srcset=\"https:\/\/jorntrahus.se\/wp-content\/uploads\/2022\/06\/Eva-Gustafsson-Jorntrahus-Ekonomichef-600x300.jpg 600w, https:\/\/jorntrahus.se\/wp-content\/uploads\/2022\/06\/Eva-Gustafsson-Jorntrahus-Ekonomichef-1200x600.jpg 1200w, https:\/\/jorntrahus.se\/wp-content\/uploads\/2022\/06\/Eva-Gustafsson-Jorntrahus-Ekonomichef-768x384.jpg 768w, https:\/\/jorntrahus.se\/wp-content\/uploads\/2022\/06\/Eva-Gustafsson-Jorntrahus-Ekonomichef-900x450.jpg 900w, https:\/\/jorntrahus.se\/wp-content\/uploads\/2022\/06\/Eva-Gustafsson-Jorntrahus-Ekonomichef.jpg 1536w\" sizes=\"auto, (max-width: 600px) 100vw, 600px\" \/>\t\t\t\t\t\t\t<\/a>\n  \t\t\t\t\t\t\t<div class=\"overlay\" style=\"background-color: rgba(0,0,0,.25)\"><\/div>  \t\t\t\t\t\t\t  \t\t\t\t\t\t<\/div>\n  \t\t\t\t\t\t  \t\t\t\t\t<\/div>\n          \t\t\t\t\t<div class=\"box-text text-center is-xlarge\" >\n\t\t\t\t\t<div class=\"box-text-inner blog-post-inner\">\n\n\t\t\t\t\t\n\t\t\t\t\t\t\t\t\t\t\t<p class=\"cat-label tag-label is-xxsmall op-7 uppercase\">\n\t\t\t\t\tF\u00f6retagsnytt \t\t\t\t\t<\/p>\n\t\t\t\t\t\t\t\t\t\t<h5 class=\"post-title is-large \">\n\t\t\t\t\t\t<a href=\"https:\/\/jorntrahus.se\/nb\/foretagsnytt\/valkommen-eva-var-nya-ekonomichef\/\" class=\"plain\">V\u00e4lkommen Eva \u2013 v\u00e5r nya ekonomichef<\/a>\n\t\t\t\t\t<\/h5>\n\t\t\t\t\t\t\t\t\t\t<div class=\"is-divider\"><\/div>\n\t\t\t\t\t                    \n\t\t\t\t\t\t\t\t\t\t\t<a href=\"https:\/\/jorntrahus.se\/nb\/foretagsnytt\/valkommen-eva-var-nya-ekonomichef\/\" class=\"button  is-outline is-xxsmall mb-0\">\n\t\t\t\t\t\t\tL\u00c4S MER\t\t\t\t\t\t<\/a>\n\t\t\t\t\t\n\t\t\t\t\t\n\t\t\t\t\t<\/div>\n\t\t\t\t\t<\/div>\n\t\t\t\t\t\t\t\t\t\t\t\t\t\t\t\t<div class=\"badge absolute top post-date badge-square\">\n\t\t\t\t\t\t\t<div class=\"badge-inner\">\n\t\t\t\t\t\t\t\t<span class=\"post-date-day\">20<\/span><br>\n\t\t\t\t\t\t\t\t<span class=\"post-date-month is-xsmall\">mai<\/span>\n\t\t\t\t\t\t\t<\/div>\n\t\t\t\t\t\t<\/div>\n\t\t\t\t\t\t\t\t\t<\/div>\n\t\t\t<\/div>\n\t\t<\/div><div class=\"col post-item\" >\n\t\t\t<div class=\"col-inner\">\n\t\t\t\t<div class=\"box box-overlay dark box-text-bottom box-blog-post has-hover\">\n            \t\t\t\t\t<div class=\"box-image\" >\n  \t\t\t\t\t\t<div class=\"image-cover\" style=\"padding-top:56%;\">\n\t\t\t\t\t\t\t<a href=\"https:\/\/jorntrahus.se\/nb\/nyhet\/full-fart-pa-byggandet-av-fritidshus-i-idre\/\" class=\"plain\" aria-label=\"Full fart p\u00e5 byggandet av fritidshus i Idre\">\n\t\t\t\t\t\t\t\t<img loading=\"lazy\" decoding=\"async\" width=\"600\" height=\"330\" src=\"https:\/\/jorntrahus.se\/wp-content\/uploads\/2022\/03\/Fritidshus-hustillverkare-byggsats-Idre-Strycksele-Jorntrahus-2022-1-webb-600x330.jpg\" class=\"attachment-medium size-medium wp-post-image\" alt=\"Fritidshus hustillverkare byggsats Idre Strycksele Jorntrahus 2022 1 webb\" srcset=\"https:\/\/jorntrahus.se\/wp-content\/uploads\/2022\/03\/Fritidshus-hustillverkare-byggsats-Idre-Strycksele-Jorntrahus-2022-1-webb-600x330.jpg 600w, https:\/\/jorntrahus.se\/wp-content\/uploads\/2022\/03\/Fritidshus-hustillverkare-byggsats-Idre-Strycksele-Jorntrahus-2022-1-webb-768x422.jpg 768w, https:\/\/jorntrahus.se\/wp-content\/uploads\/2022\/03\/Fritidshus-hustillverkare-byggsats-Idre-Strycksele-Jorntrahus-2022-1-webb-900x495.jpg 900w, https:\/\/jorntrahus.se\/wp-content\/uploads\/2022\/03\/Fritidshus-hustillverkare-byggsats-Idre-Strycksele-Jorntrahus-2022-1-webb.jpg 1200w\" sizes=\"auto, (max-width: 600px) 100vw, 600px\" \/>\t\t\t\t\t\t\t<\/a>\n  \t\t\t\t\t\t\t<div class=\"overlay\" style=\"background-color: rgba(0,0,0,.25)\"><\/div>  \t\t\t\t\t\t\t  \t\t\t\t\t\t<\/div>\n  \t\t\t\t\t\t  \t\t\t\t\t<\/div>\n          \t\t\t\t\t<div class=\"box-text text-center is-xlarge\" >\n\t\t\t\t\t<div class=\"box-text-inner blog-post-inner\">\n\n\t\t\t\t\t\n\t\t\t\t\t\t\t\t\t\t\t<p class=\"cat-label tag-label is-xxsmall op-7 uppercase\">\n\t\t\t\t\tF\u00f6retagsnytt Nyhet \t\t\t\t\t<\/p>\n\t\t\t\t\t\t\t\t\t\t<h5 class=\"post-title is-large \">\n\t\t\t\t\t\t<a href=\"https:\/\/jorntrahus.se\/nb\/nyhet\/full-fart-pa-byggandet-av-fritidshus-i-idre\/\" class=\"plain\">Full fart p\u00e5 byggandet av fritidshus i Idre<\/a>\n\t\t\t\t\t<\/h5>\n\t\t\t\t\t\t\t\t\t\t<div class=\"is-divider\"><\/div>\n\t\t\t\t\t                    \n\t\t\t\t\t\t\t\t\t\t\t<a href=\"https:\/\/jorntrahus.se\/nb\/nyhet\/full-fart-pa-byggandet-av-fritidshus-i-idre\/\" class=\"button  is-outline is-xxsmall mb-0\">\n\t\t\t\t\t\t\tL\u00c4S MER\t\t\t\t\t\t<\/a>\n\t\t\t\t\t\n\t\t\t\t\t\n\t\t\t\t\t<\/div>\n\t\t\t\t\t<\/div>\n\t\t\t\t\t\t\t\t\t\t\t\t\t\t\t\t<div class=\"badge absolute top post-date badge-square\">\n\t\t\t\t\t\t\t<div class=\"badge-inner\">\n\t\t\t\t\t\t\t\t<span class=\"post-date-day\">07<\/span><br>\n\t\t\t\t\t\t\t\t<span class=\"post-date-month is-xsmall\">mar<\/span>\n\t\t\t\t\t\t\t<\/div>\n\t\t\t\t\t\t<\/div>\n\t\t\t\t\t\t\t\t\t<\/div>\n\t\t\t<\/div>\n\t\t<\/div><div class=\"col post-item\" >\n\t\t\t<div class=\"col-inner\">\n\t\t\t\t<div class=\"box box-overlay dark box-text-bottom box-blog-post has-hover\">\n            \t\t\t\t\t<div class=\"box-image\" >\n  \t\t\t\t\t\t<div class=\"image-cover\" style=\"padding-top:56%;\">\n\t\t\t\t\t\t\t<a href=\"https:\/\/jorntrahus.se\/nb\/nyhet\/valkommen-mariana-var-nya-projektledare\/\" class=\"plain\" aria-label=\"V\u00e4lkommen Mariana \u2013 v\u00e5r nya projektledare\">\n\t\t\t\t\t\t\t\t<img loading=\"lazy\" decoding=\"async\" width=\"600\" height=\"338\" src=\"https:\/\/jorntrahus.se\/wp-content\/uploads\/2022\/02\/Mariana-Engman-projektledare-Jorntrahus-Valkommen-600x338.jpg\" class=\"attachment-medium size-medium wp-post-image\" alt=\"Mariana Engman projektledare Jorntrahus Valkommen\" srcset=\"https:\/\/jorntrahus.se\/wp-content\/uploads\/2022\/02\/Mariana-Engman-projektledare-Jorntrahus-Valkommen-600x338.jpg 600w, https:\/\/jorntrahus.se\/wp-content\/uploads\/2022\/02\/Mariana-Engman-projektledare-Jorntrahus-Valkommen-1200x675.jpg 1200w, https:\/\/jorntrahus.se\/wp-content\/uploads\/2022\/02\/Mariana-Engman-projektledare-Jorntrahus-Valkommen-768x432.jpg 768w, https:\/\/jorntrahus.se\/wp-content\/uploads\/2022\/02\/Mariana-Engman-projektledare-Jorntrahus-Valkommen-1536x864.jpg 1536w, https:\/\/jorntrahus.se\/wp-content\/uploads\/2022\/02\/Mariana-Engman-projektledare-Jorntrahus-Valkommen-2048x1152.jpg 2048w, https:\/\/jorntrahus.se\/wp-content\/uploads\/2022\/02\/Mariana-Engman-projektledare-Jorntrahus-Valkommen-900x506.jpg 900w\" sizes=\"auto, (max-width: 600px) 100vw, 600px\" \/>\t\t\t\t\t\t\t<\/a>\n  \t\t\t\t\t\t\t<div class=\"overlay\" style=\"background-color: rgba(0,0,0,.25)\"><\/div>  \t\t\t\t\t\t\t  \t\t\t\t\t\t<\/div>\n  \t\t\t\t\t\t  \t\t\t\t\t<\/div>\n          \t\t\t\t\t<div class=\"box-text text-center is-xlarge\" >\n\t\t\t\t\t<div class=\"box-text-inner blog-post-inner\">\n\n\t\t\t\t\t\n\t\t\t\t\t\t\t\t\t\t\t<p class=\"cat-label tag-label is-xxsmall op-7 uppercase\">\n\t\t\t\t\tF\u00f6retagsnytt Nyhet \t\t\t\t\t<\/p>\n\t\t\t\t\t\t\t\t\t\t<h5 class=\"post-title is-large \">\n\t\t\t\t\t\t<a href=\"https:\/\/jorntrahus.se\/nb\/nyhet\/valkommen-mariana-var-nya-projektledare\/\" class=\"plain\">V\u00e4lkommen Mariana \u2013 v\u00e5r nya projektledare<\/a>\n\t\t\t\t\t<\/h5>\n\t\t\t\t\t\t\t\t\t\t<div class=\"is-divider\"><\/div>\n\t\t\t\t\t                    \n\t\t\t\t\t\t\t\t\t\t\t<a href=\"https:\/\/jorntrahus.se\/nb\/nyhet\/valkommen-mariana-var-nya-projektledare\/\" class=\"button  is-outline is-xxsmall mb-0\">\n\t\t\t\t\t\t\tL\u00c4S MER\t\t\t\t\t\t<\/a>\n\t\t\t\t\t\n\t\t\t\t\t\n\t\t\t\t\t<\/div>\n\t\t\t\t\t<\/div>\n\t\t\t\t\t\t\t\t\t\t\t\t\t\t\t\t<div class=\"badge absolute top post-date badge-square\">\n\t\t\t\t\t\t\t<div class=\"badge-inner\">\n\t\t\t\t\t\t\t\t<span class=\"post-date-day\">18<\/span><br>\n\t\t\t\t\t\t\t\t<span class=\"post-date-month is-xsmall\">feb<\/span>\n\t\t\t\t\t\t\t<\/div>\n\t\t\t\t\t\t<\/div>\n\t\t\t\t\t\t\t\t\t<\/div>\n\t\t\t<\/div>\n\t\t<\/div><div class=\"col post-item\" >\n\t\t\t<div class=\"col-inner\">\n\t\t\t\t<div class=\"box box-overlay dark box-text-bottom box-blog-post has-hover\">\n            \t\t\t\t\t<div class=\"box-image\" >\n  \t\t\t\t\t\t<div class=\"image-cover\" style=\"padding-top:56%;\">\n\t\t\t\t\t\t\t<a href=\"https:\/\/jorntrahus.se\/nb\/nyhet\/stort-sug-efter-jobb-och-praktikplatser-hos-jorntrahus\/\" class=\"plain\" aria-label=\"Stort sug efter jobb och praktikplatser hos J\u00f6rntr\u00e4hus\">\n\t\t\t\t\t\t\t\t<img loading=\"lazy\" decoding=\"async\" width=\"600\" height=\"367\" src=\"https:\/\/jorntrahus.se\/wp-content\/uploads\/2021\/12\/Jorntrahus-trabyggnadskonstruktorer-fritidshus-trahus-rekrytering-tim-och-frida-webb-600x367.jpg\" class=\"attachment-medium size-medium wp-post-image\" alt=\"Jorntrahus trabyggnadskonstruktorer fritidshus trahus rekrytering tim och frida webb\" srcset=\"https:\/\/jorntrahus.se\/wp-content\/uploads\/2021\/12\/Jorntrahus-trabyggnadskonstruktorer-fritidshus-trahus-rekrytering-tim-och-frida-webb-600x367.jpg 600w, https:\/\/jorntrahus.se\/wp-content\/uploads\/2021\/12\/Jorntrahus-trabyggnadskonstruktorer-fritidshus-trahus-rekrytering-tim-och-frida-webb-1200x734.jpg 1200w, https:\/\/jorntrahus.se\/wp-content\/uploads\/2021\/12\/Jorntrahus-trabyggnadskonstruktorer-fritidshus-trahus-rekrytering-tim-och-frida-webb-768x470.jpg 768w, https:\/\/jorntrahus.se\/wp-content\/uploads\/2021\/12\/Jorntrahus-trabyggnadskonstruktorer-fritidshus-trahus-rekrytering-tim-och-frida-webb-1536x940.jpg 1536w, https:\/\/jorntrahus.se\/wp-content\/uploads\/2021\/12\/Jorntrahus-trabyggnadskonstruktorer-fritidshus-trahus-rekrytering-tim-och-frida-webb-900x551.jpg 900w, https:\/\/jorntrahus.se\/wp-content\/uploads\/2021\/12\/Jorntrahus-trabyggnadskonstruktorer-fritidshus-trahus-rekrytering-tim-och-frida-webb.jpg 1695w\" sizes=\"auto, (max-width: 600px) 100vw, 600px\" \/>\t\t\t\t\t\t\t<\/a>\n  \t\t\t\t\t\t\t<div class=\"overlay\" style=\"background-color: rgba(0,0,0,.25)\"><\/div>  \t\t\t\t\t\t\t  \t\t\t\t\t\t<\/div>\n  \t\t\t\t\t\t  \t\t\t\t\t<\/div>\n          \t\t\t\t\t<div class=\"box-text text-center is-xlarge\" >\n\t\t\t\t\t<div class=\"box-text-inner blog-post-inner\">\n\n\t\t\t\t\t\n\t\t\t\t\t\t\t\t\t\t\t<p class=\"cat-label tag-label is-xxsmall op-7 uppercase\">\n\t\t\t\t\tF\u00f6retagsnytt Nyhet \t\t\t\t\t<\/p>\n\t\t\t\t\t\t\t\t\t\t<h5 class=\"post-title is-large \">\n\t\t\t\t\t\t<a href=\"https:\/\/jorntrahus.se\/nb\/nyhet\/stort-sug-efter-jobb-och-praktikplatser-hos-jorntrahus\/\" class=\"plain\">Stort sug efter jobb och praktikplatser hos J\u00f6rntr\u00e4hus<\/a>\n\t\t\t\t\t<\/h5>\n\t\t\t\t\t\t\t\t\t\t<div class=\"is-divider\"><\/div>\n\t\t\t\t\t                    \n\t\t\t\t\t\t\t\t\t\t\t<a href=\"https:\/\/jorntrahus.se\/nb\/nyhet\/stort-sug-efter-jobb-och-praktikplatser-hos-jorntrahus\/\" class=\"button  is-outline is-xxsmall mb-0\">\n\t\t\t\t\t\t\tL\u00c4S MER\t\t\t\t\t\t<\/a>\n\t\t\t\t\t\n\t\t\t\t\t\n\t\t\t\t\t<\/div>\n\t\t\t\t\t<\/div>\n\t\t\t\t\t\t\t\t\t\t\t\t\t\t\t\t<div class=\"badge absolute top post-date badge-square\">\n\t\t\t\t\t\t\t<div class=\"badge-inner\">\n\t\t\t\t\t\t\t\t<span class=\"post-date-day\">17<\/span><br>\n\t\t\t\t\t\t\t\t<span class=\"post-date-month is-xsmall\">des<\/span>\n\t\t\t\t\t\t\t<\/div>\n\t\t\t\t\t\t<\/div>\n\t\t\t\t\t\t\t\t\t<\/div>\n\t\t\t<\/div>\n\t\t<\/div><div class=\"col post-item\" >\n\t\t\t<div class=\"col-inner\">\n\t\t\t\t<div class=\"box box-overlay dark box-text-bottom box-blog-post has-hover\">\n            \t\t\t\t\t<div class=\"box-image\" >\n  \t\t\t\t\t\t<div class=\"image-cover\" style=\"padding-top:56%;\">\n\t\t\t\t\t\t\t<a href=\"https:\/\/jorntrahus.se\/nb\/nyhet\/contractor-och-jorntrahus-tillfor-annu-fler-bostader-i-kage\/\" class=\"plain\" aria-label=\"Contractor och J\u00f6rntr\u00e4hus tillf\u00f6r \u00e4nnu fler bost\u00e4der i K\u00e5ge\">\n\t\t\t\t\t\t\t\t<img loading=\"lazy\" decoding=\"async\" width=\"600\" height=\"338\" src=\"https:\/\/jorntrahus.se\/wp-content\/uploads\/2021\/09\/Image3-600x338.png\" class=\"attachment-medium size-medium wp-post-image\" alt=\"Koncepthus Loftg\u00e5ngen L\u00e4genheter Birkarlen K\u00e5ge 2\" srcset=\"https:\/\/jorntrahus.se\/wp-content\/uploads\/2021\/09\/Image3-600x338.png 600w, https:\/\/jorntrahus.se\/wp-content\/uploads\/2021\/09\/Image3-1200x675.png 1200w, https:\/\/jorntrahus.se\/wp-content\/uploads\/2021\/09\/Image3-768x432.png 768w, https:\/\/jorntrahus.se\/wp-content\/uploads\/2021\/09\/Image3-1536x864.png 1536w, https:\/\/jorntrahus.se\/wp-content\/uploads\/2021\/09\/Image3-900x506.png 900w, https:\/\/jorntrahus.se\/wp-content\/uploads\/2021\/09\/Image3.png 1920w\" sizes=\"auto, (max-width: 600px) 100vw, 600px\" \/>\t\t\t\t\t\t\t<\/a>\n  \t\t\t\t\t\t\t<div class=\"overlay\" style=\"background-color: rgba(0,0,0,.25)\"><\/div>  \t\t\t\t\t\t\t  \t\t\t\t\t\t<\/div>\n  \t\t\t\t\t\t  \t\t\t\t\t<\/div>\n          \t\t\t\t\t<div class=\"box-text text-center is-xlarge\" >\n\t\t\t\t\t<div class=\"box-text-inner blog-post-inner\">\n\n\t\t\t\t\t\n\t\t\t\t\t\t\t\t\t\t\t<p class=\"cat-label tag-label is-xxsmall op-7 uppercase\">\n\t\t\t\t\tJ\u00f6rntr\u00e4hus Pro Nyhet Pressmeddelande \t\t\t\t\t<\/p>\n\t\t\t\t\t\t\t\t\t\t<h5 class=\"post-title is-large \">\n\t\t\t\t\t\t<a href=\"https:\/\/jorntrahus.se\/nb\/nyhet\/contractor-och-jorntrahus-tillfor-annu-fler-bostader-i-kage\/\" class=\"plain\">Contractor och J\u00f6rntr\u00e4hus tillf\u00f6r \u00e4nnu fler bost\u00e4der i K\u00e5ge<\/a>\n\t\t\t\t\t<\/h5>\n\t\t\t\t\t\t\t\t\t\t<div class=\"is-divider\"><\/div>\n\t\t\t\t\t                    \n\t\t\t\t\t\t\t\t\t\t\t<a href=\"https:\/\/jorntrahus.se\/nb\/nyhet\/contractor-och-jorntrahus-tillfor-annu-fler-bostader-i-kage\/\" class=\"button  is-outline is-xxsmall mb-0\">\n\t\t\t\t\t\t\tL\u00c4S MER\t\t\t\t\t\t<\/a>\n\t\t\t\t\t\n\t\t\t\t\t\n\t\t\t\t\t<\/div>\n\t\t\t\t\t<\/div>\n\t\t\t\t\t\t\t\t\t\t\t\t\t\t\t\t<div class=\"badge absolute top post-date badge-square\">\n\t\t\t\t\t\t\t<div class=\"badge-inner\">\n\t\t\t\t\t\t\t\t<span class=\"post-date-day\">29<\/span><br>\n\t\t\t\t\t\t\t\t<span class=\"post-date-month is-xsmall\">sep<\/span>\n\t\t\t\t\t\t\t<\/div>\n\t\t\t\t\t\t<\/div>\n\t\t\t\t\t\t\t\t\t<\/div>\n\t\t\t<\/div>\n\t\t<\/div><div class=\"col post-item\" >\n\t\t\t<div class=\"col-inner\">\n\t\t\t\t<div class=\"box box-overlay dark box-text-bottom box-blog-post has-hover\">\n            \t\t\t\t\t<div class=\"box-image\" >\n  \t\t\t\t\t\t<div class=\"image-cover\" style=\"padding-top:56%;\">\n\t\t\t\t\t\t\t<a href=\"https:\/\/jorntrahus.se\/nb\/nyhet\/jorntrahus-levererar-till-8-radhus-med-takterass-i-sundsvall\/\" class=\"plain\" aria-label=\"J\u00f6rntr\u00e4hus levererar till 8 radhus med takterass i Sundsvall\">\n\t\t\t\t\t\t\t\t<img loading=\"lazy\" decoding=\"async\" width=\"600\" height=\"338\" src=\"https:\/\/jorntrahus.se\/wp-content\/uploads\/2021\/09\/Nyhet_sundsvall-600x338.jpg\" class=\"attachment-medium size-medium wp-post-image\" alt=\"Nyhet sundsvall\" srcset=\"https:\/\/jorntrahus.se\/wp-content\/uploads\/2021\/09\/Nyhet_sundsvall-600x338.jpg 600w, https:\/\/jorntrahus.se\/wp-content\/uploads\/2021\/09\/Nyhet_sundsvall-900x506.jpg 900w, https:\/\/jorntrahus.se\/wp-content\/uploads\/2021\/09\/Nyhet_sundsvall-1200x675.jpg 1200w, https:\/\/jorntrahus.se\/wp-content\/uploads\/2021\/09\/Nyhet_sundsvall-768x432.jpg 768w, https:\/\/jorntrahus.se\/wp-content\/uploads\/2021\/09\/Nyhet_sundsvall.jpg 1500w\" sizes=\"auto, (max-width: 600px) 100vw, 600px\" \/>\t\t\t\t\t\t\t<\/a>\n  \t\t\t\t\t\t\t<div class=\"overlay\" style=\"background-color: rgba(0,0,0,.25)\"><\/div>  \t\t\t\t\t\t\t  \t\t\t\t\t\t<\/div>\n  \t\t\t\t\t\t  \t\t\t\t\t<\/div>\n          \t\t\t\t\t<div class=\"box-text text-center is-xlarge\" >\n\t\t\t\t\t<div class=\"box-text-inner blog-post-inner\">\n\n\t\t\t\t\t\n\t\t\t\t\t\t\t\t\t\t\t<p class=\"cat-label tag-label is-xxsmall op-7 uppercase\">\n\t\t\t\t\tJ\u00f6rntr\u00e4hus Pro Nyhet Pressmeddelande \t\t\t\t\t<\/p>\n\t\t\t\t\t\t\t\t\t\t<h5 class=\"post-title is-large \">\n\t\t\t\t\t\t<a href=\"https:\/\/jorntrahus.se\/nb\/nyhet\/jorntrahus-levererar-till-8-radhus-med-takterass-i-sundsvall\/\" class=\"plain\">J\u00f6rntr\u00e4hus levererar till 8 radhus med takterass i Sundsvall<\/a>\n\t\t\t\t\t<\/h5>\n\t\t\t\t\t\t\t\t\t\t<div class=\"is-divider\"><\/div>\n\t\t\t\t\t                    \n\t\t\t\t\t\t\t\t\t\t\t<a href=\"https:\/\/jorntrahus.se\/nb\/nyhet\/jorntrahus-levererar-till-8-radhus-med-takterass-i-sundsvall\/\" class=\"button  is-outline is-xxsmall mb-0\">\n\t\t\t\t\t\t\tL\u00c4S MER\t\t\t\t\t\t<\/a>\n\t\t\t\t\t\n\t\t\t\t\t\n\t\t\t\t\t<\/div>\n\t\t\t\t\t<\/div>\n\t\t\t\t\t\t\t\t\t\t\t\t\t\t\t\t<div class=\"badge absolute top post-date badge-square\">\n\t\t\t\t\t\t\t<div class=\"badge-inner\">\n\t\t\t\t\t\t\t\t<span class=\"post-date-day\">14<\/span><br>\n\t\t\t\t\t\t\t\t<span class=\"post-date-month is-xsmall\">sep<\/span>\n\t\t\t\t\t\t\t<\/div>\n\t\t\t\t\t\t<\/div>\n\t\t\t\t\t\t\t\t\t<\/div>\n\t\t\t<\/div>\n\t\t<\/div><div class=\"col post-item\" >\n\t\t\t<div class=\"col-inner\">\n\t\t\t\t<div class=\"box box-overlay dark box-text-bottom box-blog-post has-hover\">\n            \t\t\t\t\t<div class=\"box-image\" >\n  \t\t\t\t\t\t<div class=\"image-cover\" style=\"padding-top:56%;\">\n\t\t\t\t\t\t\t<a href=\"https:\/\/jorntrahus.se\/nb\/nyhet\/jorntrahus-vaxer-vidare-med-ny-produktionslinje-ytterligare-nyanstallningar\/\" class=\"plain\" aria-label=\"J\u00f6rntr\u00e4hus v\u00e4xer vidare med ny produktionslinje + ytterligare nyanst\u00e4llningar\">\n\t\t\t\t\t\t\t\t<img loading=\"lazy\" decoding=\"async\" width=\"600\" height=\"400\" src=\"https:\/\/jorntrahus.se\/wp-content\/uploads\/2021\/09\/JW_201013_094508_WEBB-JWE-600x400.jpg\" class=\"attachment-medium size-medium wp-post-image\" alt=\"JW 201013 094508 WEBB JWE\" srcset=\"https:\/\/jorntrahus.se\/wp-content\/uploads\/2021\/09\/JW_201013_094508_WEBB-JWE-600x400.jpg 600w, https:\/\/jorntrahus.se\/wp-content\/uploads\/2021\/09\/JW_201013_094508_WEBB-JWE-900x600.jpg 900w, https:\/\/jorntrahus.se\/wp-content\/uploads\/2021\/09\/JW_201013_094508_WEBB-JWE-1200x800.jpg 1200w, https:\/\/jorntrahus.se\/wp-content\/uploads\/2021\/09\/JW_201013_094508_WEBB-JWE-768x512.jpg 768w, https:\/\/jorntrahus.se\/wp-content\/uploads\/2021\/09\/JW_201013_094508_WEBB-JWE-1536x1025.jpg 1536w, https:\/\/jorntrahus.se\/wp-content\/uploads\/2021\/09\/JW_201013_094508_WEBB-JWE.jpg 2048w\" sizes=\"auto, (max-width: 600px) 100vw, 600px\" \/>\t\t\t\t\t\t\t<\/a>\n  \t\t\t\t\t\t\t<div class=\"overlay\" style=\"background-color: rgba(0,0,0,.25)\"><\/div>  \t\t\t\t\t\t\t  \t\t\t\t\t\t<\/div>\n  \t\t\t\t\t\t  \t\t\t\t\t<\/div>\n          \t\t\t\t\t<div class=\"box-text text-center is-xlarge\" >\n\t\t\t\t\t<div class=\"box-text-inner blog-post-inner\">\n\n\t\t\t\t\t\n\t\t\t\t\t\t\t\t\t\t\t<p class=\"cat-label tag-label is-xxsmall op-7 uppercase\">\n\t\t\t\t\tF\u00f6retagsnytt Nyhet \t\t\t\t\t<\/p>\n\t\t\t\t\t\t\t\t\t\t<h5 class=\"post-title is-large \">\n\t\t\t\t\t\t<a href=\"https:\/\/jorntrahus.se\/nb\/nyhet\/jorntrahus-vaxer-vidare-med-ny-produktionslinje-ytterligare-nyanstallningar\/\" class=\"plain\">J\u00f6rntr\u00e4hus v\u00e4xer vidare med ny produktionslinje + ytterligare nyanst\u00e4llningar<\/a>\n\t\t\t\t\t<\/h5>\n\t\t\t\t\t\t\t\t\t\t<div class=\"is-divider\"><\/div>\n\t\t\t\t\t                    \n\t\t\t\t\t\t\t\t\t\t\t<a href=\"https:\/\/jorntrahus.se\/nb\/nyhet\/jorntrahus-vaxer-vidare-med-ny-produktionslinje-ytterligare-nyanstallningar\/\" class=\"button  is-outline is-xxsmall mb-0\">\n\t\t\t\t\t\t\tL\u00c4S MER\t\t\t\t\t\t<\/a>\n\t\t\t\t\t\n\t\t\t\t\t\n\t\t\t\t\t<\/div>\n\t\t\t\t\t<\/div>\n\t\t\t\t\t\t\t\t\t\t\t\t\t\t\t\t<div class=\"badge absolute top post-date badge-square\">\n\t\t\t\t\t\t\t<div class=\"badge-inner\">\n\t\t\t\t\t\t\t\t<span class=\"post-date-day\">10<\/span><br>\n\t\t\t\t\t\t\t\t<span class=\"post-date-month is-xsmall\">sep<\/span>\n\t\t\t\t\t\t\t<\/div>\n\t\t\t\t\t\t<\/div>\n\t\t\t\t\t\t\t\t\t<\/div>\n\t\t\t<\/div>\n\t\t<\/div><div class=\"col post-item\" >\n\t\t\t<div class=\"col-inner\">\n\t\t\t\t<div class=\"box box-overlay dark box-text-bottom box-blog-post has-hover\">\n            \t\t\t\t\t<div class=\"box-image\" >\n  \t\t\t\t\t\t<div class=\"image-cover\" style=\"padding-top:56%;\">\n\t\t\t\t\t\t\t<a href=\"https:\/\/jorntrahus.se\/nb\/nyhet\/jorntrahus-populara-i-byggbranschen\/\" class=\"plain\" aria-label=\"J\u00f6rntr\u00e4hus popul\u00e4ra i byggbranschen\">\n\t\t\t\t\t\t\t\t<img loading=\"lazy\" decoding=\"async\" width=\"600\" height=\"393\" src=\"https:\/\/jorntrahus.se\/wp-content\/uploads\/2021\/07\/Jorntrahus-Montage-Husbyggsats-Byggsats-Entreprenad-Byggforetag-1-600x393.jpg\" class=\"attachment-medium size-medium wp-post-image\" alt=\"J\u00f6rntr\u00e4hus Montage Husbyggsats Byggsats Entreprenad Byggf\u00f6retag 1\" srcset=\"https:\/\/jorntrahus.se\/wp-content\/uploads\/2021\/07\/Jorntrahus-Montage-Husbyggsats-Byggsats-Entreprenad-Byggforetag-1-600x393.jpg 600w, https:\/\/jorntrahus.se\/wp-content\/uploads\/2021\/07\/Jorntrahus-Montage-Husbyggsats-Byggsats-Entreprenad-Byggforetag-1-900x589.jpg 900w, https:\/\/jorntrahus.se\/wp-content\/uploads\/2021\/07\/Jorntrahus-Montage-Husbyggsats-Byggsats-Entreprenad-Byggforetag-1-768x503.jpg 768w, https:\/\/jorntrahus.se\/wp-content\/uploads\/2021\/07\/Jorntrahus-Montage-Husbyggsats-Byggsats-Entreprenad-Byggforetag-1.jpg 1100w\" sizes=\"auto, (max-width: 600px) 100vw, 600px\" \/>\t\t\t\t\t\t\t<\/a>\n  \t\t\t\t\t\t\t<div class=\"overlay\" style=\"background-color: rgba(0,0,0,.25)\"><\/div>  \t\t\t\t\t\t\t  \t\t\t\t\t\t<\/div>\n  \t\t\t\t\t\t  \t\t\t\t\t<\/div>\n          \t\t\t\t\t<div class=\"box-text text-center is-xlarge\" >\n\t\t\t\t\t<div class=\"box-text-inner blog-post-inner\">\n\n\t\t\t\t\t\n\t\t\t\t\t\t\t\t\t\t\t<p class=\"cat-label tag-label is-xxsmall op-7 uppercase\">\n\t\t\t\t\tNyhet Pressmeddelande \t\t\t\t\t<\/p>\n\t\t\t\t\t\t\t\t\t\t<h5 class=\"post-title is-large \">\n\t\t\t\t\t\t<a href=\"https:\/\/jorntrahus.se\/nb\/nyhet\/jorntrahus-populara-i-byggbranschen\/\" class=\"plain\">J\u00f6rntr\u00e4hus popul\u00e4ra i byggbranschen<\/a>\n\t\t\t\t\t<\/h5>\n\t\t\t\t\t\t\t\t\t\t<div class=\"is-divider\"><\/div>\n\t\t\t\t\t                    \n\t\t\t\t\t\t\t\t\t\t\t<a href=\"https:\/\/jorntrahus.se\/nb\/nyhet\/jorntrahus-populara-i-byggbranschen\/\" class=\"button  is-outline is-xxsmall mb-0\">\n\t\t\t\t\t\t\tL\u00c4S MER\t\t\t\t\t\t<\/a>\n\t\t\t\t\t\n\t\t\t\t\t\n\t\t\t\t\t<\/div>\n\t\t\t\t\t<\/div>\n\t\t\t\t\t\t\t\t\t\t\t\t\t\t\t\t<div class=\"badge absolute top post-date badge-square\">\n\t\t\t\t\t\t\t<div class=\"badge-inner\">\n\t\t\t\t\t\t\t\t<span class=\"post-date-day\">01<\/span><br>\n\t\t\t\t\t\t\t\t<span class=\"post-date-month is-xsmall\">jul<\/span>\n\t\t\t\t\t\t\t<\/div>\n\t\t\t\t\t\t<\/div>\n\t\t\t\t\t\t\t\t\t<\/div>\n\t\t\t<\/div>\n\t\t<\/div><div class=\"col post-item\" >\n\t\t\t<div class=\"col-inner\">\n\t\t\t\t<div class=\"box box-overlay dark box-text-bottom box-blog-post has-hover\">\n            \t\t\t\t\t<div class=\"box-image\" >\n  \t\t\t\t\t\t<div class=\"image-cover\" style=\"padding-top:56%;\">\n\t\t\t\t\t\t\t<a href=\"https:\/\/jorntrahus.se\/nb\/nyhet\/rekryterar-spetskompetens-i-tuff-konkurrens\/\" class=\"plain\" aria-label=\"Rekryterar spetskompetens i tuff konkurrens\">\n\t\t\t\t\t\t\t\t<img loading=\"lazy\" decoding=\"async\" width=\"600\" height=\"400\" src=\"https:\/\/jorntrahus.se\/wp-content\/uploads\/2021\/05\/Jorntrahus_nyhet_Elin_Skoglund_Alma_Sandqvist-600x400.jpg\" class=\"attachment-medium size-medium wp-post-image\" alt=\"Jorntrahus nyhet Elin Skoglund Alma Sandqvist\" srcset=\"https:\/\/jorntrahus.se\/wp-content\/uploads\/2021\/05\/Jorntrahus_nyhet_Elin_Skoglund_Alma_Sandqvist-600x400.jpg 600w, https:\/\/jorntrahus.se\/wp-content\/uploads\/2021\/05\/Jorntrahus_nyhet_Elin_Skoglund_Alma_Sandqvist-900x600.jpg 900w, https:\/\/jorntrahus.se\/wp-content\/uploads\/2021\/05\/Jorntrahus_nyhet_Elin_Skoglund_Alma_Sandqvist-1200x800.jpg 1200w, https:\/\/jorntrahus.se\/wp-content\/uploads\/2021\/05\/Jorntrahus_nyhet_Elin_Skoglund_Alma_Sandqvist-768x512.jpg 768w, https:\/\/jorntrahus.se\/wp-content\/uploads\/2021\/05\/Jorntrahus_nyhet_Elin_Skoglund_Alma_Sandqvist-1536x1024.jpg 1536w, https:\/\/jorntrahus.se\/wp-content\/uploads\/2021\/05\/Jorntrahus_nyhet_Elin_Skoglund_Alma_Sandqvist.jpg 2000w\" sizes=\"auto, (max-width: 600px) 100vw, 600px\" \/>\t\t\t\t\t\t\t<\/a>\n  \t\t\t\t\t\t\t<div class=\"overlay\" style=\"background-color: rgba(0,0,0,.25)\"><\/div>  \t\t\t\t\t\t\t  \t\t\t\t\t\t<\/div>\n  \t\t\t\t\t\t  \t\t\t\t\t<\/div>\n          \t\t\t\t\t<div class=\"box-text text-center is-xlarge\" >\n\t\t\t\t\t<div class=\"box-text-inner blog-post-inner\">\n\n\t\t\t\t\t\n\t\t\t\t\t\t\t\t\t\t\t<p class=\"cat-label tag-label is-xxsmall op-7 uppercase\">\n\t\t\t\t\tNyhet Pressmeddelande \t\t\t\t\t<\/p>\n\t\t\t\t\t\t\t\t\t\t<h5 class=\"post-title is-large \">\n\t\t\t\t\t\t<a href=\"https:\/\/jorntrahus.se\/nb\/nyhet\/rekryterar-spetskompetens-i-tuff-konkurrens\/\" class=\"plain\">Rekryterar spetskompetens i tuff konkurrens<\/a>\n\t\t\t\t\t<\/h5>\n\t\t\t\t\t\t\t\t\t\t<div class=\"is-divider\"><\/div>\n\t\t\t\t\t                    \n\t\t\t\t\t\t\t\t\t\t\t<a href=\"https:\/\/jorntrahus.se\/nb\/nyhet\/rekryterar-spetskompetens-i-tuff-konkurrens\/\" class=\"button  is-outline is-xxsmall mb-0\">\n\t\t\t\t\t\t\tL\u00c4S MER\t\t\t\t\t\t<\/a>\n\t\t\t\t\t\n\t\t\t\t\t\n\t\t\t\t\t<\/div>\n\t\t\t\t\t<\/div>\n\t\t\t\t\t\t\t\t\t\t\t\t\t\t\t\t<div class=\"badge absolute top post-date badge-square\">\n\t\t\t\t\t\t\t<div class=\"badge-inner\">\n\t\t\t\t\t\t\t\t<span class=\"post-date-day\">28<\/span><br>\n\t\t\t\t\t\t\t\t<span class=\"post-date-month is-xsmall\">mai<\/span>\n\t\t\t\t\t\t\t<\/div>\n\t\t\t\t\t\t<\/div>\n\t\t\t\t\t\t\t\t\t<\/div>\n\t\t\t<\/div>\n\t\t<\/div><div class=\"col post-item\" >\n\t\t\t<div class=\"col-inner\">\n\t\t\t\t<div class=\"box box-overlay dark box-text-bottom box-blog-post has-hover\">\n            \t\t\t\t\t<div class=\"box-image\" >\n  \t\t\t\t\t\t<div class=\"image-cover\" style=\"padding-top:56%;\">\n\t\t\t\t\t\t\t<a href=\"https:\/\/jorntrahus.se\/nb\/nyhet\/forsaljningsrekord-pa-jorntrahus-skapar-behov-av-rekryteringar\/\" class=\"plain\" aria-label=\"F\u00f6rs\u00e4ljnings&shy;rekord p\u00e5 J\u00f6rntr\u00e4hus skapar behov av rekryteringar\">\n\t\t\t\t\t\t\t\t<img loading=\"lazy\" decoding=\"async\" width=\"600\" height=\"400\" src=\"https:\/\/jorntrahus.se\/wp-content\/uploads\/2021\/04\/90fd0ac17eac39e2_800x800ar-1-600x400.jpg\" class=\"attachment-medium size-medium wp-post-image\" alt=\"90fd0ac17eac39e2 800x800ar 1\" srcset=\"https:\/\/jorntrahus.se\/wp-content\/uploads\/2021\/04\/90fd0ac17eac39e2_800x800ar-1-600x400.jpg 600w, https:\/\/jorntrahus.se\/wp-content\/uploads\/2021\/04\/90fd0ac17eac39e2_800x800ar-1-768x512.jpg 768w, https:\/\/jorntrahus.se\/wp-content\/uploads\/2021\/04\/90fd0ac17eac39e2_800x800ar-1.jpg 800w\" sizes=\"auto, (max-width: 600px) 100vw, 600px\" \/>\t\t\t\t\t\t\t<\/a>\n  \t\t\t\t\t\t\t<div class=\"overlay\" style=\"background-color: rgba(0,0,0,.25)\"><\/div>  \t\t\t\t\t\t\t  \t\t\t\t\t\t<\/div>\n  \t\t\t\t\t\t  \t\t\t\t\t<\/div>\n          \t\t\t\t\t<div class=\"box-text text-center is-xlarge\" >\n\t\t\t\t\t<div class=\"box-text-inner blog-post-inner\">\n\n\t\t\t\t\t\n\t\t\t\t\t\t\t\t\t\t\t<p class=\"cat-label tag-label is-xxsmall op-7 uppercase\">\n\t\t\t\t\tNyhet Pressmeddelande \t\t\t\t\t<\/p>\n\t\t\t\t\t\t\t\t\t\t<h5 class=\"post-title is-large \">\n\t\t\t\t\t\t<a href=\"https:\/\/jorntrahus.se\/nb\/nyhet\/forsaljningsrekord-pa-jorntrahus-skapar-behov-av-rekryteringar\/\" class=\"plain\">F\u00f6rs\u00e4ljnings&shy;rekord p\u00e5 J\u00f6rntr\u00e4hus skapar behov av rekryteringar<\/a>\n\t\t\t\t\t<\/h5>\n\t\t\t\t\t\t\t\t\t\t<div class=\"is-divider\"><\/div>\n\t\t\t\t\t                    \n\t\t\t\t\t\t\t\t\t\t\t<a href=\"https:\/\/jorntrahus.se\/nb\/nyhet\/forsaljningsrekord-pa-jorntrahus-skapar-behov-av-rekryteringar\/\" class=\"button  is-outline is-xxsmall mb-0\">\n\t\t\t\t\t\t\tL\u00c4S MER\t\t\t\t\t\t<\/a>\n\t\t\t\t\t\n\t\t\t\t\t\n\t\t\t\t\t<\/div>\n\t\t\t\t\t<\/div>\n\t\t\t\t\t\t\t\t\t\t\t\t\t\t\t\t<div class=\"badge absolute top post-date badge-square\">\n\t\t\t\t\t\t\t<div class=\"badge-inner\">\n\t\t\t\t\t\t\t\t<span class=\"post-date-day\">23<\/span><br>\n\t\t\t\t\t\t\t\t<span class=\"post-date-month is-xsmall\">apr<\/span>\n\t\t\t\t\t\t\t<\/div>\n\t\t\t\t\t\t<\/div>\n\t\t\t\t\t\t\t\t\t<\/div>\n\t\t\t<\/div>\n\t\t<\/div><div class=\"col post-item\" >\n\t\t\t<div class=\"col-inner\">\n\t\t\t\t<div class=\"box box-overlay dark box-text-bottom box-blog-post has-hover\">\n            \t\t\t\t\t<div class=\"box-image\" >\n  \t\t\t\t\t\t<div class=\"image-cover\" style=\"padding-top:56%;\">\n\t\t\t\t\t\t\t<a href=\"https:\/\/jorntrahus.se\/nb\/nyhet\/18-radhus-till-falktraskomradet-skelleftea\/\" class=\"plain\" aria-label=\"18 radhus till Falktr\u00e4sk&shy;omr\u00e5det Skellefte\u00e5\">\n\t\t\t\t\t\t\t\t<img loading=\"lazy\" decoding=\"async\" width=\"600\" height=\"337\" src=\"https:\/\/jorntrahus.se\/wp-content\/uploads\/2021\/02\/Koncepthus-Radhuset-Hustillverkare-Jorntrahus-Pro-Projekt-Falktrasket-Hallbarhet-Solceller-2-600x337.jpg\" class=\"attachment-medium size-medium wp-post-image\" alt=\"Koncepthus Radhuset Hustillverkare Jorntrahus Pro Projekt Falktrasket Hallbarhet Solceller 2\" srcset=\"https:\/\/jorntrahus.se\/wp-content\/uploads\/2021\/02\/Koncepthus-Radhuset-Hustillverkare-Jorntrahus-Pro-Projekt-Falktrasket-Hallbarhet-Solceller-2-600x337.jpg 600w, https:\/\/jorntrahus.se\/wp-content\/uploads\/2021\/02\/Koncepthus-Radhuset-Hustillverkare-Jorntrahus-Pro-Projekt-Falktrasket-Hallbarhet-Solceller-2-900x506.jpg 900w, https:\/\/jorntrahus.se\/wp-content\/uploads\/2021\/02\/Koncepthus-Radhuset-Hustillverkare-Jorntrahus-Pro-Projekt-Falktrasket-Hallbarhet-Solceller-2-1200x675.jpg 1200w, https:\/\/jorntrahus.se\/wp-content\/uploads\/2021\/02\/Koncepthus-Radhuset-Hustillverkare-Jorntrahus-Pro-Projekt-Falktrasket-Hallbarhet-Solceller-2-768x432.jpg 768w, https:\/\/jorntrahus.se\/wp-content\/uploads\/2021\/02\/Koncepthus-Radhuset-Hustillverkare-Jorntrahus-Pro-Projekt-Falktrasket-Hallbarhet-Solceller-2.jpg 1535w\" sizes=\"auto, (max-width: 600px) 100vw, 600px\" \/>\t\t\t\t\t\t\t<\/a>\n  \t\t\t\t\t\t\t<div class=\"overlay\" style=\"background-color: rgba(0,0,0,.25)\"><\/div>  \t\t\t\t\t\t\t  \t\t\t\t\t\t<\/div>\n  \t\t\t\t\t\t  \t\t\t\t\t<\/div>\n          \t\t\t\t\t<div class=\"box-text text-center is-xlarge\" >\n\t\t\t\t\t<div class=\"box-text-inner blog-post-inner\">\n\n\t\t\t\t\t\n\t\t\t\t\t\t\t\t\t\t\t<p class=\"cat-label tag-label is-xxsmall op-7 uppercase\">\n\t\t\t\t\tNyhet Pressmeddelande \t\t\t\t\t<\/p>\n\t\t\t\t\t\t\t\t\t\t<h5 class=\"post-title is-large \">\n\t\t\t\t\t\t<a href=\"https:\/\/jorntrahus.se\/nb\/nyhet\/18-radhus-till-falktraskomradet-skelleftea\/\" class=\"plain\">18 radhus till Falktr\u00e4sk&shy;omr\u00e5det Skellefte\u00e5<\/a>\n\t\t\t\t\t<\/h5>\n\t\t\t\t\t\t\t\t\t\t<div class=\"is-divider\"><\/div>\n\t\t\t\t\t                    \n\t\t\t\t\t\t\t\t\t\t\t<a href=\"https:\/\/jorntrahus.se\/nb\/nyhet\/18-radhus-till-falktraskomradet-skelleftea\/\" class=\"button  is-outline is-xxsmall mb-0\">\n\t\t\t\t\t\t\tL\u00c4S MER\t\t\t\t\t\t<\/a>\n\t\t\t\t\t\n\t\t\t\t\t\n\t\t\t\t\t<\/div>\n\t\t\t\t\t<\/div>\n\t\t\t\t\t\t\t\t\t\t\t\t\t\t\t\t<div class=\"badge absolute top post-date badge-square\">\n\t\t\t\t\t\t\t<div class=\"badge-inner\">\n\t\t\t\t\t\t\t\t<span class=\"post-date-day\">12<\/span><br>\n\t\t\t\t\t\t\t\t<span class=\"post-date-month is-xsmall\">feb<\/span>\n\t\t\t\t\t\t\t<\/div>\n\t\t\t\t\t\t<\/div>\n\t\t\t\t\t\t\t\t\t<\/div>\n\t\t\t<\/div>\n\t\t<\/div><div class=\"col post-item\" >\n\t\t\t<div class=\"col-inner\">\n\t\t\t\t<div class=\"box box-overlay dark box-text-bottom box-blog-post has-hover\">\n            \t\t\t\t\t<div class=\"box-image\" >\n  \t\t\t\t\t\t<div class=\"image-cover\" style=\"padding-top:56%;\">\n\t\t\t\t\t\t\t<a href=\"https:\/\/jorntrahus.se\/nb\/foretagsnytt\/forsta-ladhuset-star-klart-och-nu-kommer-fler\/\" class=\"plain\" aria-label=\"F\u00f6rsta ladhuset st\u00e5r klart \u2013 och nu kommer fler\">\n\t\t\t\t\t\t\t\t<img loading=\"lazy\" decoding=\"async\" width=\"600\" height=\"533\" src=\"https:\/\/jorntrahus.se\/wp-content\/uploads\/2020\/11\/Kagedalen-S-Ladhus-Kundexempel-Funasdalen-Fritidshus-Villa-Jorntrahus-interior-byggsats-1-600x533.jpg\" class=\"attachment-medium size-medium wp-post-image\" alt=\"Kagedalen S Ladhus Kundexempel Funasdalen Fritidshus Villa Jorntrahus interior byggsats 1\" srcset=\"https:\/\/jorntrahus.se\/wp-content\/uploads\/2020\/11\/Kagedalen-S-Ladhus-Kundexempel-Funasdalen-Fritidshus-Villa-Jorntrahus-interior-byggsats-1-600x533.jpg 600w, https:\/\/jorntrahus.se\/wp-content\/uploads\/2020\/11\/Kagedalen-S-Ladhus-Kundexempel-Funasdalen-Fritidshus-Villa-Jorntrahus-interior-byggsats-1-900x800.jpg 900w, https:\/\/jorntrahus.se\/wp-content\/uploads\/2020\/11\/Kagedalen-S-Ladhus-Kundexempel-Funasdalen-Fritidshus-Villa-Jorntrahus-interior-byggsats-1-1200x1066.jpg 1200w, https:\/\/jorntrahus.se\/wp-content\/uploads\/2020\/11\/Kagedalen-S-Ladhus-Kundexempel-Funasdalen-Fritidshus-Villa-Jorntrahus-interior-byggsats-1-768x682.jpg 768w, https:\/\/jorntrahus.se\/wp-content\/uploads\/2020\/11\/Kagedalen-S-Ladhus-Kundexempel-Funasdalen-Fritidshus-Villa-Jorntrahus-interior-byggsats-1.jpg 1371w\" sizes=\"auto, (max-width: 600px) 100vw, 600px\" \/>\t\t\t\t\t\t\t<\/a>\n  \t\t\t\t\t\t\t<div class=\"overlay\" style=\"background-color: rgba(0,0,0,.25)\"><\/div>  \t\t\t\t\t\t\t  \t\t\t\t\t\t<\/div>\n  \t\t\t\t\t\t  \t\t\t\t\t<\/div>\n          \t\t\t\t\t<div class=\"box-text text-center is-xlarge\" >\n\t\t\t\t\t<div class=\"box-text-inner blog-post-inner\">\n\n\t\t\t\t\t\n\t\t\t\t\t\t\t\t\t\t\t<p class=\"cat-label tag-label is-xxsmall op-7 uppercase\">\n\t\t\t\t\tF\u00f6retagsnytt \t\t\t\t\t<\/p>\n\t\t\t\t\t\t\t\t\t\t<h5 class=\"post-title is-large \">\n\t\t\t\t\t\t<a href=\"https:\/\/jorntrahus.se\/nb\/foretagsnytt\/forsta-ladhuset-star-klart-och-nu-kommer-fler\/\" class=\"plain\">F\u00f6rsta ladhuset st\u00e5r klart \u2013 och nu kommer fler<\/a>\n\t\t\t\t\t<\/h5>\n\t\t\t\t\t\t\t\t\t\t<div class=\"is-divider\"><\/div>\n\t\t\t\t\t                    \n\t\t\t\t\t\t\t\t\t\t\t<a href=\"https:\/\/jorntrahus.se\/nb\/foretagsnytt\/forsta-ladhuset-star-klart-och-nu-kommer-fler\/\" class=\"button  is-outline is-xxsmall mb-0\">\n\t\t\t\t\t\t\tL\u00c4S MER\t\t\t\t\t\t<\/a>\n\t\t\t\t\t\n\t\t\t\t\t\n\t\t\t\t\t<\/div>\n\t\t\t\t\t<\/div>\n\t\t\t\t\t\t\t\t\t\t\t\t\t\t\t\t<div class=\"badge absolute top post-date badge-square\">\n\t\t\t\t\t\t\t<div class=\"badge-inner\">\n\t\t\t\t\t\t\t\t<span class=\"post-date-day\">16<\/span><br>\n\t\t\t\t\t\t\t\t<span class=\"post-date-month is-xsmall\">nov<\/span>\n\t\t\t\t\t\t\t<\/div>\n\t\t\t\t\t\t<\/div>\n\t\t\t\t\t\t\t\t\t<\/div>\n\t\t\t<\/div>\n\t\t<\/div><\/div>\n\t\t<\/div>\n\t\t\t\t\t<\/div>\n\n\t\n\n\t<div id=\"col-1905310088\" class=\"col medium-4 small-12 large-4\"  >\n\t\t\t\t<div class=\"col-inner\"  >\n\t\t\t\n\t\t\t\n\n\t<section class=\"section\" id=\"section_1938278317\">\n\t\t<div class=\"section-bg fill\" >\n\t\t\t\t\t\t\t\t\t\n\t\t\t\n\n\t\t<\/div>\n\n\t\t\n\n\t\t<div class=\"section-content relative\">\n\t\t\t\n<h3>Kontaktpersoner<\/h3>\n<p><strong>Peter Gyllenberg, VD<\/strong><br \/>+46 10-130 78 04 <br \/>peter.gyllenberg@jorntrahus.se<\/p>\n\t\t<\/div>\n\n\t\t\n<style>\n#section_1938278317 {\n  padding-top: 30px;\n  padding-bottom: 30px;\n  background-color: rgb(241, 241, 241);\n}\n<\/style>\n\t<\/section>\n\t\n\t<div id=\"gap-892796830\" class=\"gap-element clearfix\" style=\"display:block; height:auto;\">\n\t\t\n<style>\n#gap-892796830 {\n  padding-top: 60px;\n}\n<\/style>\n\t<\/div>\n\t\n\t\t<\/div>\n\t\t\t\t\t<\/div>\n\n\t\n<\/div>\n\t<div id=\"gap-2047253823\" class=\"gap-element clearfix\" style=\"display:block; height:auto;\">\n\t\t\n<style>\n#gap-2047253823 {\n  padding-top: 60px;\n}\n<\/style>\n\t<\/div>\n\t\n","protected":false},"excerpt":{"rendered":"","protected":false},"author":2,"featured_media":0,"parent":7,"menu_order":0,"comment_status":"closed","ping_status":"open","template":"page-blank.php","meta":{"footnotes":""},"class_list":["post-11974","page","type-page","status-publish","hentry"],"yoast_head":"<!-- This site is optimized with the Yoast SEO plugin v27.2 - https:\/\/yoast.com\/product\/yoast-seo-wordpress\/ -->\n<title>Pressmaterial - J\u00f6rntr\u00e4hus<\/title>\n<meta name=\"robots\" content=\"index, follow, max-snippet:-1, max-image-preview:large, max-video-preview:-1\" \/>\n<link rel=\"canonical\" href=\"https:\/\/jorntrahus.se\/nb\/om-oss\/pressemateriale\/\" \/>\n<meta property=\"og:locale\" content=\"nb_NO\" \/>\n<meta property=\"og:type\" content=\"article\" \/>\n<meta property=\"og:title\" content=\"Pressmaterial - J\u00f6rntr\u00e4hus\" \/>\n<meta property=\"og:url\" content=\"https:\/\/jorntrahus.se\/nb\/om-oss\/pressemateriale\/\" \/>\n<meta property=\"og:site_name\" content=\"J\u00f6rntr\u00e4hus\" \/>\n<meta property=\"article:modified_time\" content=\"2024-02-02T14:33:11+00:00\" \/>\n<meta name=\"twitter:card\" content=\"summary_large_image\" \/>\n<meta name=\"twitter:label1\" content=\"Ansl. lesetid\" \/>\n\t<meta name=\"twitter:data1\" content=\"2 minutter\" \/>\n<script type=\"application\/ld+json\" class=\"yoast-schema-graph\">{\"@context\":\"https:\/\/schema.org\",\"@graph\":[{\"@type\":\"WebPage\",\"@id\":\"https:\/\/jorntrahus.se\/om-oss\/pressmaterial\/\",\"url\":\"https:\/\/jorntrahus.se\/om-oss\/pressmaterial\/\",\"name\":\"Pressmaterial - J\u00f6rntr\u00e4hus\",\"isPartOf\":{\"@id\":\"https:\/\/jorntrahus.se\/#website\"},\"datePublished\":\"2020-09-04T10:13:21+00:00\",\"dateModified\":\"2024-02-02T14:33:11+00:00\",\"breadcrumb\":{\"@id\":\"https:\/\/jorntrahus.se\/om-oss\/pressmaterial\/#breadcrumb\"},\"inLanguage\":\"nb-NO\",\"potentialAction\":[{\"@type\":\"ReadAction\",\"target\":[\"https:\/\/jorntrahus.se\/om-oss\/pressmaterial\/\"]}]},{\"@type\":\"BreadcrumbList\",\"@id\":\"https:\/\/jorntrahus.se\/om-oss\/pressmaterial\/#breadcrumb\",\"itemListElement\":[{\"@type\":\"ListItem\",\"position\":1,\"name\":\"Hem\",\"item\":\"https:\/\/jorntrahus.se\/\"},{\"@type\":\"ListItem\",\"position\":2,\"name\":\"Om oss\",\"item\":\"https:\/\/jorntrahus.se\/om-oss\/\"},{\"@type\":\"ListItem\",\"position\":3,\"name\":\"Pressmaterial\"}]},{\"@type\":\"WebSite\",\"@id\":\"https:\/\/jorntrahus.se\/#website\",\"url\":\"https:\/\/jorntrahus.se\/\",\"name\":\"J\u00f6rntr\u00e4hus\",\"description\":\"Hus f\u00f6r den medvetne\",\"publisher\":{\"@id\":\"https:\/\/jorntrahus.se\/#organization\"},\"potentialAction\":[{\"@type\":\"SearchAction\",\"target\":{\"@type\":\"EntryPoint\",\"urlTemplate\":\"https:\/\/jorntrahus.se\/?s={search_term_string}\"},\"query-input\":{\"@type\":\"PropertyValueSpecification\",\"valueRequired\":true,\"valueName\":\"search_term_string\"}}],\"inLanguage\":\"nb-NO\"},{\"@type\":\"Organization\",\"@id\":\"https:\/\/jorntrahus.se\/#organization\",\"name\":\"J\u00f6rntr\u00e4hus\",\"url\":\"https:\/\/jorntrahus.se\/\",\"logo\":{\"@type\":\"ImageObject\",\"inLanguage\":\"nb-NO\",\"@id\":\"https:\/\/jorntrahus.se\/#\/schema\/logo\/image\/\",\"url\":\"https:\/\/jorntrahus.se\/wp-content\/uploads\/2020\/09\/Jorntrahus_Grund_CMYK.eps\",\"contentUrl\":\"https:\/\/jorntrahus.se\/wp-content\/uploads\/2020\/09\/Jorntrahus_Grund_CMYK.eps\",\"width\":1,\"height\":1,\"caption\":\"J\u00f6rntr\u00e4hus\"},\"image\":{\"@id\":\"https:\/\/jorntrahus.se\/#\/schema\/logo\/image\/\"}}]}<\/script>\n<!-- \/ Yoast SEO plugin. -->","yoast_head_json":{"title":"Pressemateriale - J\u00f6rntr\u00e4hus","robots":{"index":"index","follow":"follow","max-snippet":"max-snippet:-1","max-image-preview":"max-image-preview:large","max-video-preview":"max-video-preview:-1"},"canonical":"https:\/\/jorntrahus.se\/nb\/om-oss\/pressemateriale\/","og_locale":"nb_NO","og_type":"article","og_title":"Pressmaterial - J\u00f6rntr\u00e4hus","og_url":"https:\/\/jorntrahus.se\/nb\/om-oss\/pressemateriale\/","og_site_name":"J\u00f6rntr\u00e4hus","article_modified_time":"2024-02-02T14:33:11+00:00","twitter_card":"summary_large_image","twitter_misc":{"Ansl. lesetid":"2 minutter"},"schema":{"@context":"https:\/\/schema.org","@graph":[{"@type":"WebPage","@id":"https:\/\/jorntrahus.se\/om-oss\/pressmaterial\/","url":"https:\/\/jorntrahus.se\/om-oss\/pressmaterial\/","name":"Pressemateriale - J\u00f6rntr\u00e4hus","isPartOf":{"@id":"https:\/\/jorntrahus.se\/#website"},"datePublished":"2020-09-04T10:13:21+00:00","dateModified":"2024-02-02T14:33:11+00:00","breadcrumb":{"@id":"https:\/\/jorntrahus.se\/om-oss\/pressmaterial\/#breadcrumb"},"inLanguage":"nb-NO","potentialAction":[{"@type":"ReadAction","target":["https:\/\/jorntrahus.se\/om-oss\/pressmaterial\/"]}]},{"@type":"BreadcrumbList","@id":"https:\/\/jorntrahus.se\/om-oss\/pressmaterial\/#breadcrumb","itemListElement":[{"@type":"ListItem","position":1,"name":"Hem","item":"https:\/\/jorntrahus.se\/"},{"@type":"ListItem","position":2,"name":"Om oss","item":"https:\/\/jorntrahus.se\/om-oss\/"},{"@type":"ListItem","position":3,"name":"Pressmaterial"}]},{"@type":"WebSite","@id":"https:\/\/jorntrahus.se\/#website","url":"https:\/\/jorntrahus.se\/","name":"J\u00f6rntr\u00e4hus","description":"Hus for de bevisste","publisher":{"@id":"https:\/\/jorntrahus.se\/#organization"},"potentialAction":[{"@type":"SearchAction","target":{"@type":"EntryPoint","urlTemplate":"https:\/\/jorntrahus.se\/?s={search_term_string}"},"query-input":{"@type":"PropertyValueSpecification","valueRequired":true,"valueName":"search_term_string"}}],"inLanguage":"nb-NO"},{"@type":"Organization","@id":"https:\/\/jorntrahus.se\/#organization","name":"J\u00f6rntr\u00e4hus","url":"https:\/\/jorntrahus.se\/","logo":{"@type":"ImageObject","inLanguage":"nb-NO","@id":"https:\/\/jorntrahus.se\/#\/schema\/logo\/image\/","url":"https:\/\/jorntrahus.se\/wp-content\/uploads\/2020\/09\/Jorntrahus_Grund_CMYK.eps","contentUrl":"https:\/\/jorntrahus.se\/wp-content\/uploads\/2020\/09\/Jorntrahus_Grund_CMYK.eps","width":1,"height":1,"caption":"J\u00f6rntr\u00e4hus"},"image":{"@id":"https:\/\/jorntrahus.se\/#\/schema\/logo\/image\/"}}]}},"publishpress_future_action":{"enabled":false,"date":"2026-05-04 21:46:33","action":"change-status","newStatus":"draft","terms":[],"taxonomy":"","extraData":[]},"publishpress_future_workflow_manual_trigger":{"enabledWorkflows":[]},"_links":{"self":[{"href":"https:\/\/jorntrahus.se\/nb\/wp-json\/wp\/v2\/pages\/11974","targetHints":{"allow":["GET"]}}],"collection":[{"href":"https:\/\/jorntrahus.se\/nb\/wp-json\/wp\/v2\/pages"}],"about":[{"href":"https:\/\/jorntrahus.se\/nb\/wp-json\/wp\/v2\/types\/page"}],"author":[{"embeddable":true,"href":"https:\/\/jorntrahus.se\/nb\/wp-json\/wp\/v2\/users\/2"}],"replies":[{"embeddable":true,"href":"https:\/\/jorntrahus.se\/nb\/wp-json\/wp\/v2\/comments?post=11974"}],"version-history":[{"count":22,"href":"https:\/\/jorntrahus.se\/nb\/wp-json\/wp\/v2\/pages\/11974\/revisions"}],"predecessor-version":[{"id":14625,"href":"https:\/\/jorntrahus.se\/nb\/wp-json\/wp\/v2\/pages\/11974\/revisions\/14625"}],"up":[{"embeddable":true,"href":"https:\/\/jorntrahus.se\/nb\/wp-json\/wp\/v2\/pages\/7"}],"wp:attachment":[{"href":"https:\/\/jorntrahus.se\/nb\/wp-json\/wp\/v2\/media?parent=11974"}],"curies":[{"name":"wp","href":"https:\/\/api.w.org\/{rel}","templated":true}]}}